{"id":151,"date":"2020-03-02T15:13:25","date_gmt":"2020-03-02T14:13:25","guid":{"rendered":"https:\/\/op-zentrum-oldenburg.de\/?page_id=151"},"modified":"2020-08-21T07:46:15","modified_gmt":"2020-08-21T05:46:15","slug":"anaesthesie","status":"publish","type":"page","link":"https:\/\/op-zentrum-oldenburg.de\/index.php\/anaesthesie\/","title":{"rendered":"An\u00e4sthesie"},"content":{"rendered":"<div class=\"fusion-fullwidth fullwidth-box fusion-builder-row-1 nonhundred-percent-fullwidth non-hundred-percent-height-scrolling\" style=\"--awb-border-radius-top-left:0px;--awb-border-radius-top-right:0px;--awb-border-radius-bottom-right:0px;--awb-border-radius-bottom-left:0px;--awb-flex-wrap:wrap;\" ><div class=\"fusion-builder-row fusion-row\"><div class=\"fusion-layout-column fusion_builder_column fusion-builder-column-0 fusion_builder_column_2_3 2_3 fusion-two-third fusion-column-first\" style=\"--awb-bg-size:cover;width:66.666666666667%;width:calc(66.666666666667% - ( ( 4% ) * 0.66666666666667 ) );margin-right: 4%;\"><div class=\"fusion-column-wrapper fusion-column-has-shadow fusion-flex-column-wrapper-legacy\"><div class=\"fusion-text fusion-text-1\"><h2>An\u00e4sthesie<\/h2>\n<p>An\u00e4sthesie ist f\u00fcr viele ein Fremdwort. Das Wort an sich ist nicht gerade unbekannt, dennoch wissen viele nicht, was es eigentlich bedeutet und was damit gemeint ist. F\u00fcr manche Menschen wirkt es zun\u00e4chst distanzierend oder sogar abschreckend. Dabei hat sicherlich fast jeder von uns schon mal Erfahrungen mit dem Bereich der An\u00e4sthesie oder auch mit den \u00e4rztlichen Kollegen aus der An\u00e4sthesie, den An\u00e4sthesistinnen oder An\u00e4sthesisten gemacht.<\/p>\n<p>Die Bezeichnung \u201eAn\u00e4sthesie\u201c leitet sich von einem altgriechischen Wort f\u00fcr \u201eEmpfindungslosigkeit\u201c ab. Das trifft im Wesentlichen auch f\u00fcr die \u00fcbernommene Bedeutung des Wortes in unserem heutigen medizinischen und umgangssprachlichen Gebrauch zu. Der An\u00e4sthesist als Arzt sorgt mit seinen M\u00f6glichkeiten daf\u00fcr, dass der Patient als sein Sch\u00fctzling von den Ma\u00dfnahmen bei der Operation nichts Schlimmes empfindet.<\/p>\n<h6>medizinischer Fachbereich An\u00e4sthesiologie<\/h6>\n<p>Die An\u00e4sthesie ist heutzutage ein Teilgebiet des speziellen medizinischen Fachbereiches An\u00e4sthesiologie. Dazu geh\u00f6ren auch die Teilbereiche der Intensivmedizin, Notfallmedizin, Schmerztherapie und zunehmend auch der Palliativmedizin. Dabei ist die An\u00e4sthesie f\u00fcr den Bereich der Narkose in Verbund mit stattfindenden Operationen oder Untersuchungen zust\u00e4ndig.<\/p>\n<p>Oft wird der Begriff An\u00e4sthesie sogar in der Umgangssprache auch als gleichbedeutend oder synonym mit dem Begriff Narkose verwendet. Klassischerweise verbindet man mit dem Begriff Narkose eine sogenannte \u201eVollnarkose\u201c, fachlich besser ausgedr\u00fcckt eine \u201eAllgemeinan\u00e4sthesie\u201c, bei der der Patient sich im tiefen Schlaf befindet und empfindungslos ist. Aber auch die anderen M\u00f6glichkeit der Empfindungslosigkeit, zum Beispiel \u00f6rtliche Bet\u00e4ubungen in allen ihren Varianten, bei denen der Patient zwar weitgehendst wach bleibt und trotzdem keinen Schmerz empfindet, geh\u00f6ren zum Arbeitsfeld der An\u00e4sthesie.<\/p>\n<\/div><div class=\"fusion-sep-clear\"><\/div><div class=\"fusion-separator fusion-full-width-sep\" style=\"margin-left: auto;margin-right: auto;margin-top:20px;width:100%;\"><div class=\"fusion-separator-border sep-single sep-solid\" style=\"--awb-height:20px;--awb-amount:20px;border-color:#e2e2e2;border-top-width:1px;\"><\/div><\/div><div class=\"fusion-sep-clear\"><\/div>\n<div class=\"fusion-text fusion-text-2\"><h5>Weiterf\u00fchrende Informationen<\/h5>\n<\/div>\n<div class=\"fusion-content-boxes content-boxes columns row fusion-columns-2 fusion-columns-total-2 fusion-content-boxes-1 content-boxes-icon-with-title content-left\" style=\"--awb-body-color:#005c75;--awb-title-color:#005c75;--awb-hover-accent-color:#51b747;--awb-circle-hover-accent-color:#51b747;\" data-animationOffset=\"top-into-view\"><div style=\"--awb-backgroundcolor:#ffffff;\" class=\"fusion-column content-box-column content-box-column content-box-column-1 col-lg-6 col-md-6 col-sm-6 fusion-content-box-hover content-box-column-first-in-row\"><div class=\"col content-box-wrapper content-wrapper-background link-area-link-icon link-type-text content-icon-wrapper-yes icon-hover-animation-fade\" data-animationOffset=\"top-into-view\"><div class=\"heading heading-with-icon icon-left\"><a class=\"heading-link\" style=\"float:left;\" href=\"https:\/\/op-zentrum-oldenburg.de\/index.php\/was-ist-narkose\/\" target=\"_blank\" rel=\"noopener noreferrer\"><div class=\"icon\"><span style=\"height:42px;width:42px;line-height:22px;border-color:rgba(255,255,255,0);border-width:1px;border-style:solid;background-color:#005c75;box-sizing:content-box;border-radius:50%;\"><i style=\"border-color:#005c75;border-width:1px;background-color:#005c75;box-sizing:content-box;height:40px;width:40px;line-height:40px;border-radius:50%;position:relative;top:auto;left:auto;margin:0;border-radius:50%;font-size:20px;\" aria-hidden=\"true\" class=\"fontawesome-icon fa-angle-right fas circle-yes\"><\/i><\/span><\/div><h5 class=\"content-box-heading fusion-responsive-typography-calculated\" style=\"--h5_typography-font-size:18px;--fontSize:18;line-height:1.4;\">Was ist Narkose?<\/h5><\/a><\/div><div class=\"fusion-clearfix\"><\/div><div class=\"content-container\">\n<p>An\u00e4sthesie hei\u00dft Empfindungslosigkeit bzw. Bet\u00e4ubung. Die moderne Medizin bietet speziell auf Ihre Bed\u00fcrfnisse abgestimmte An\u00e4sthesieverfahren wie die Allgemeinan\u00e4sthesie (Vollnarkose) oder Regionalan\u00e4sthesie (Leitungsan\u00e4sthesie und \u00f6rtliche Bet\u00e4ubung).<\/p>\n<\/div><div class=\"fusion-clearfix\"><\/div><a class=\" fusion-read-more\" style=\"float:left;\" href=\"https:\/\/op-zentrum-oldenburg.de\/index.php\/was-ist-narkose\/\" target=\"_blank\" rel=\"noopener noreferrer\">mehr erfahren...<\/a><div class=\"fusion-clearfix\"><\/div><\/div><\/div><div style=\"--awb-backgroundcolor:#ffffff;\" class=\"fusion-column content-box-column content-box-column content-box-column-2 col-lg-6 col-md-6 col-sm-6 fusion-content-box-hover content-box-column-last content-box-column-last-in-row\"><div class=\"col content-box-wrapper content-wrapper-background link-area-link-icon link-type-text content-icon-wrapper-yes icon-hover-animation-fade\" data-animationOffset=\"top-into-view\"><div class=\"heading heading-with-icon icon-left\"><a class=\"heading-link\" style=\"float:left;\" href=\"https:\/\/www.anaesthesisten-im-netz.de\/anaesthesie\/anaesthesie-allgemein\/\" target=\"_blank\" rel=\"noopener noreferrer\"><div class=\"icon\"><span style=\"height:42px;width:42px;line-height:22px;border-color:rgba(255,255,255,0);border-width:1px;border-style:solid;background-color:#005c75;box-sizing:content-box;border-radius:50%;\"><i style=\"border-color:#005c75;border-width:1px;background-color:#005c75;box-sizing:content-box;height:40px;width:40px;line-height:40px;border-radius:50%;position:relative;top:auto;left:auto;margin:0;border-radius:50%;font-size:20px;\" aria-hidden=\"true\" class=\"fontawesome-icon fa-angle-right fas circle-yes\"><\/i><\/span><\/div><h5 class=\"content-box-heading fusion-responsive-typography-calculated\" style=\"--h5_typography-font-size:18px;--fontSize:18;line-height:1.4;\">Allgemeinan\u00e4sthesie<\/h5><\/a><\/div><div class=\"fusion-clearfix\"><\/div><div class=\"content-container\">\n<div class=\"csc-textpic-text\">\n<p>Der Begriff \u201eAn\u00e4sthesie\u201c kommt aus dem Griechischen und bedeutet \u201eohne Empfindung\u201c bzw. \u201eohne Wahrnehmung\u201c.<\/p>\n<p>(externer Link)<\/p>\n<\/div>\n<\/div><div class=\"fusion-clearfix\"><\/div><a class=\" fusion-read-more\" style=\"float:left;\" href=\"https:\/\/www.anaesthesisten-im-netz.de\/anaesthesie\/anaesthesie-allgemein\/\" target=\"_blank\" rel=\"noopener noreferrer\">mehr erfahen...<\/a><div class=\"fusion-clearfix\"><\/div><\/div><\/div><div class=\"fusion-clearfix\"><\/div><\/div><div class=\"fusion-clearfix\"><\/div><\/div><\/div><div class=\"fusion-layout-column fusion_builder_column fusion-builder-column-1 fusion_builder_column_1_3 1_3 fusion-one-third fusion-column-last\" style=\"--awb-bg-size:cover;width:33.333333333333%;width:calc(33.333333333333% - ( ( 4% ) * 0.33333333333333 ) );\"><div class=\"fusion-column-wrapper fusion-column-has-shadow fusion-flex-column-wrapper-legacy\"><div class=\"fusion-content-boxes content-boxes columns row fusion-columns-1 fusion-columns-total-5 fusion-content-boxes-2 content-boxes-icon-with-title content-left\" style=\"--awb-body-color:#005c75;--awb-title-color:#005c75;--awb-hover-accent-color:#51b747;--awb-circle-hover-accent-color:#51b747;--awb-item-margin-bottom:40px;\" data-animationOffset=\"top-into-view\"><div style=\"--awb-backgroundcolor:#ccdee3;\" class=\"fusion-column content-box-column content-box-column content-box-column-1 col-lg-12 col-md-12 col-sm-12 fusion-content-box-hover content-box-column-last-in-row\"><div class=\"col content-box-wrapper content-wrapper-background link-area-link-icon link-type-text icon-hover-animation-fade\" data-animationOffset=\"top-into-view\"><div class=\"heading heading-with-icon icon-left\"><a class=\"heading-link\" style=\"float:left;\" href=\"https:\/\/op-zentrum-oldenburg.de\/index.php\/praxisrundgang\/\" target=\"_self\"><div class=\"icon\"><i style=\"border-color:#005c75;border-width:0px;background-color:#005c75;box-sizing:content-box;height:40px;width:40px;line-height:40px;border-radius:50%;font-size:20px;\" aria-hidden=\"true\" class=\"fontawesome-icon fa-sync fas circle-yes\"><\/i><\/div><h2 class=\"content-box-heading fusion-responsive-typography-calculated\" style=\"--h2_typography-font-size:24px;--fontSize:24;line-height:1.2;\">Praxisrundgang<\/h2><\/a><\/div><div class=\"fusion-clearfix\"><\/div><div class=\"content-container\">\n<p><a href=\"https:\/\/op-zentrum-oldenburg.de\/index.php\/praxisrundgang\/\" target=\"_blank\" rel=\"noopener noreferrer\"><img decoding=\"async\" class=\"alignnone wp-image-1983 size-full\" src=\"https:\/\/op-zentrum-oldenburg.de\/wp-content\/uploads\/2020\/08\/google-klein.jpg\" alt=\"\" width=\"270\" height=\"173\" srcset=\"https:\/\/op-zentrum-oldenburg.de\/wp-content\/uploads\/2020\/08\/google-klein-200x128.jpg 200w, https:\/\/op-zentrum-oldenburg.de\/wp-content\/uploads\/2020\/08\/google-klein.jpg 270w\" sizes=\"(max-width: 270px) 100vw, 270px\" \/><\/a><\/p>\n<\/div><div class=\"fusion-clearfix\"><\/div><a class=\" fusion-read-more\" style=\"float:left;\" href=\"https:\/\/op-zentrum-oldenburg.de\/index.php\/praxisrundgang\/\" target=\"_self\">Klicken Sie hier<\/a><div class=\"fusion-clearfix\"><\/div><\/div><\/div><div style=\"--awb-backgroundcolor:#d9e7ea;\" class=\"fusion-column content-box-column content-box-column content-box-column-2 col-lg-12 col-md-12 col-sm-12 fusion-content-box-hover content-box-column-last-in-row\"><div class=\"col content-box-wrapper content-wrapper-background link-area-link-icon link-type-text content-icon-wrapper-yes icon-hover-animation-fade\" data-animationOffset=\"top-into-view\"><div class=\"heading heading-with-icon icon-left\"><a class=\"heading-link\" style=\"float:left;\" href=\"https:\/\/op-zentrum-oldenburg.de\/index.php\/stellenangebote\/\" target=\"_self\"><div class=\"icon\"><span style=\"height:40px;width:40px;line-height:20px;border-color:rgba(255,255,255,0);border-width:1px;border-style:solid;background-color:rgba(255,255,255,0);box-sizing:content-box;border-radius:50%;\"><i style=\"border-color:#005c75;border-width:0px;background-color:#005c75;box-sizing:content-box;height:40px;width:40px;line-height:40px;border-radius:50%;position:relative;top:auto;left:auto;margin:0;border-radius:50%;font-size:20px;\" aria-hidden=\"true\" class=\"fontawesome-icon fa-user-md fas circle-yes\"><\/i><\/span><\/div><h2 class=\"content-box-heading fusion-responsive-typography-calculated\" style=\"--h2_typography-font-size:24px;--fontSize:24;line-height:1.2;\">Stellenangebote<\/h2><\/a><\/div><div class=\"fusion-clearfix\"><\/div><div class=\"content-container\">\n<p>Wir freuen wir uns auf Ihre berufliche Fachkompetenz und \u00fcber Ihr pers\u00f6nliches Engagement, Ihr Einf\u00fchlungsverm\u00f6gen und Ihre Teamf\u00e4higkeit.<\/p>\n<\/div><div class=\"fusion-clearfix\"><\/div><a class=\" fusion-read-more\" style=\"float:left;\" href=\"https:\/\/op-zentrum-oldenburg.de\/index.php\/stellenangebote\/\" target=\"_self\">mehr erfahren...<\/a><div class=\"fusion-clearfix\"><\/div><\/div><\/div><div style=\"--awb-backgroundcolor:#e5eff1;\" class=\"fusion-column content-box-column content-box-column content-box-column-3 col-lg-12 col-md-12 col-sm-12 fusion-content-box-hover content-box-column-last-in-row\"><div class=\"col content-box-wrapper content-wrapper-background link-area-link-icon link-type-text icon-hover-animation-fade\" data-animationOffset=\"top-into-view\"><div class=\"heading heading-with-icon icon-left\"><a class=\"heading-link\" style=\"float:left;\" href=\"https:\/\/op-zentrum-oldenburg.de\/index.php\/aerztliche-aufklaerung\/\" target=\"_self\"><div class=\"icon\"><i style=\"border-color:#005c75;border-width:0px;background-color:#005c75;box-sizing:content-box;height:40px;width:40px;line-height:40px;border-radius:50%;font-size:20px;\" aria-hidden=\"true\" class=\"fontawesome-icon fa-edit fas circle-yes\"><\/i><\/div><h2 class=\"content-box-heading fusion-responsive-typography-calculated\" style=\"--h2_typography-font-size:24px;--fontSize:24;line-height:1.2;\">\u00c4rztliche Aufkl\u00e4rung<\/h2><\/a><\/div><div class=\"fusion-clearfix\"><\/div><div class=\"content-container\">\n<p>F\u00fclllen Sie hier Ihren Narkose-Fragebogen aus und senden ihn mit einem Klick direkt an uns zur\u00fcck.<\/p>\n<\/div><div class=\"fusion-clearfix\"><\/div><a class=\" fusion-read-more\" style=\"float:left;\" href=\"https:\/\/op-zentrum-oldenburg.de\/index.php\/aerztliche-aufklaerung\/\" target=\"_self\">digitaler Narkose-Fragebogen<\/a><div class=\"fusion-clearfix\"><\/div><\/div><\/div><div style=\"--awb-backgroundcolor:#ecf3f4;\" class=\"fusion-column content-box-column content-box-column content-box-column-4 col-lg-12 col-md-12 col-sm-12 fusion-content-box-hover content-box-column-last-in-row\"><div class=\"col content-box-wrapper content-wrapper-background link-area-link-icon link-type-text icon-hover-animation-fade\" data-animationOffset=\"top-into-view\"><div class=\"heading heading-with-icon icon-left\"><a class=\"heading-link\" style=\"float:left;\" href=\"https:\/\/op-zentrum-oldenburg.de\/index.php\/terminbuchung\/\" target=\"_self\"><div class=\"icon\"><i style=\"border-color:#005c75;border-width:0px;background-color:#005c75;box-sizing:content-box;height:40px;width:40px;line-height:40px;border-radius:50%;font-size:20px;\" aria-hidden=\"true\" class=\"fontawesome-icon fa-calendar-alt fas circle-yes\"><\/i><\/div><h2 class=\"content-box-heading fusion-responsive-typography-calculated\" style=\"--h2_typography-font-size:24px;--fontSize:24;line-height:1.2;\">Online Termin<\/h2><\/a><\/div><div class=\"fusion-clearfix\"><\/div><div class=\"content-container\">\n<p>Terminvereinbarung online in 5 Minuten, ohne Wartezeiten und rund um die Uhr.<\/p>\n<\/div><div class=\"fusion-clearfix\"><\/div><a class=\" fusion-read-more\" style=\"float:left;\" href=\"https:\/\/op-zentrum-oldenburg.de\/index.php\/terminbuchung\/\" target=\"_self\">Praxis-Termin online buchen<\/a><div class=\"fusion-clearfix\"><\/div><\/div><\/div><div style=\"--awb-backgroundcolor:#f2f7f8;\" class=\"fusion-column content-box-column content-box-column content-box-column-5 col-lg-12 col-md-12 col-sm-12 fusion-content-box-hover content-box-column-last content-box-column-last-in-row\"><div class=\"col content-box-wrapper content-wrapper-background link-area-link-icon link-type-text icon-hover-animation-fade\" data-animationOffset=\"top-into-view\"><div class=\"heading heading-with-icon icon-left\"><a class=\"heading-link\" style=\"float:left;\" href=\"https:\/\/op-zentrum-oldenburg.de\/index.php\/aktuelles\/\" target=\"_self\"><div class=\"icon\"><i style=\"border-color:#005c75;border-width:0px;background-color:#005c75;box-sizing:content-box;height:40px;width:40px;line-height:40px;border-radius:50%;font-size:20px;\" aria-hidden=\"true\" class=\"fontawesome-icon fa-glasses fas circle-yes\"><\/i><\/div><h2 class=\"content-box-heading fusion-responsive-typography-calculated\" style=\"--h2_typography-font-size:24px;--fontSize:24;line-height:1.2;\">Aktuelles<\/h2><\/a><\/div><div class=\"fusion-clearfix\"><\/div><div class=\"content-container\">\n<p>Hier finden Sie aktuelle Informationen zu Covid-19, An\u00e4sthesie und mehr\u2026<\/p>\n<\/div><div class=\"fusion-clearfix\"><\/div><a class=\" fusion-read-more\" style=\"float:left;\" href=\"https:\/\/op-zentrum-oldenburg.de\/index.php\/aktuelles\/\" target=\"_self\">Zur Seite Aktuelles<\/a><div class=\"fusion-clearfix\"><\/div><\/div><\/div><div class=\"fusion-clearfix\"><\/div><\/div><div class=\"fusion-clearfix\"><\/div><\/div><\/div>\n<\/div><\/div>\n","protected":false},"excerpt":{"rendered":"","protected":false},"author":1,"featured_media":0,"parent":0,"menu_order":0,"comment_status":"closed","ping_status":"closed","template":"","meta":{"footnotes":""},"class_list":["post-151","page","type-page","status-publish","hentry"],"_links":{"self":[{"href":"https:\/\/op-zentrum-oldenburg.de\/index.php\/wp-json\/wp\/v2\/pages\/151","targetHints":{"allow":["GET"]}}],"collection":[{"href":"https:\/\/op-zentrum-oldenburg.de\/index.php\/wp-json\/wp\/v2\/pages"}],"about":[{"href":"https:\/\/op-zentrum-oldenburg.de\/index.php\/wp-json\/wp\/v2\/types\/page"}],"author":[{"embeddable":true,"href":"https:\/\/op-zentrum-oldenburg.de\/index.php\/wp-json\/wp\/v2\/users\/1"}],"replies":[{"embeddable":true,"href":"https:\/\/op-zentrum-oldenburg.de\/index.php\/wp-json\/wp\/v2\/comments?post=151"}],"version-history":[{"count":24,"href":"https:\/\/op-zentrum-oldenburg.de\/index.php\/wp-json\/wp\/v2\/pages\/151\/revisions"}],"predecessor-version":[{"id":1918,"href":"https:\/\/op-zentrum-oldenburg.de\/index.php\/wp-json\/wp\/v2\/pages\/151\/revisions\/1918"}],"wp:attachment":[{"href":"https:\/\/op-zentrum-oldenburg.de\/index.php\/wp-json\/wp\/v2\/media?parent=151"}],"curies":[{"name":"wp","href":"https:\/\/api.w.org\/{rel}","templated":true}]}}