{"id":17,"date":"2020-03-02T11:44:58","date_gmt":"2020-03-02T10:44:58","guid":{"rendered":"https:\/\/op-zentrum-oldenburg.de\/?page_id=17"},"modified":"2020-08-24T12:18:01","modified_gmt":"2020-08-24T10:18:01","slug":"fachaerzte","status":"publish","type":"page","link":"https:\/\/op-zentrum-oldenburg.de\/index.php\/fachaerzte\/","title":{"rendered":"Fach\u00e4rzte"},"content":{"rendered":"<div class=\"fusion-fullwidth fullwidth-box fusion-builder-row-1 nonhundred-percent-fullwidth non-hundred-percent-height-scrolling\" style=\"--awb-border-radius-top-left:0px;--awb-border-radius-top-right:0px;--awb-border-radius-bottom-right:0px;--awb-border-radius-bottom-left:0px;--awb-flex-wrap:wrap;\" ><div class=\"fusion-builder-row fusion-row\"><div class=\"fusion-layout-column fusion_builder_column fusion-builder-column-0 fusion_builder_column_2_3 2_3 fusion-two-third fusion-column-first\" style=\"--awb-bg-size:cover;width:66.666666666667%;width:calc(66.666666666667% - ( ( 4% ) * 0.66666666666667 ) );margin-right: 4%;\"><div class=\"fusion-column-wrapper fusion-column-has-shadow fusion-flex-column-wrapper-legacy\"><div class=\"fusion-text fusion-text-1\"><h2>Sehr geehrte Kolleginnen und Kollegen!<\/h2>\n<p>Wir freuen uns, dass Sie sich f\u00fcr unsere Leistungen rund um die An\u00e4sthesie interessieren und m\u00f6chten Ihnen mit diesen Informationen einen \u00dcberblick \u00fcber unser Leistungsspektrum vermitteln. Unser An\u00e4sthesiezentrum Oldenburg ist Ihr Partner f\u00fcr hochwertige perioperative Patientenversorgung.<\/p>\n<h6>30 Jahre Erfahrung in der ambulanten An\u00e4sthesie<\/h6>\n<p>Wir greifen auf \u00fcber 30 Jahre Erfahrung in der ambulanten An\u00e4sthesie zur\u00fcck und sind seit fast 15 Jahren in der Lage, in einer Kooperation Ihnen auch Operationsm\u00f6glichkeiten au\u00dferhalb Ihrer eigenen Praxisr\u00e4ume anzubieten. Bereits 1988 wurde die Praxis f\u00fcr ambulante An\u00e4sthesie mit der Niederlassung von Frau Dr. med. B. Jonas in Oldenburg gegr\u00fcndet. Durch eine enge Zusammenarbeit mit Fachkollegen aus operativen Disziplinen konnte ein Netzwerk der ambulanten An\u00e4sthesie in Oldenburg und Umgebung aufgebaut werden. Im Laufe de Zeit wurden weitere An\u00e4sthesisten in die Gemeinschaftspraxis aufgenommen, so dass wir heute mit drei selbst\u00e4ndigen Fach\u00e4rzten f\u00fcr An\u00e4sthesie und mehreren angestellten, langj\u00e4hrig erfahrenen Fach\u00e4rzten f\u00fcr An\u00e4sthesie die Verantwortung f\u00fcr eine hochqualitative Versorgung im Fachbereich der An\u00e4sthesie \u00fcbernehmen.<\/p>\n<h6>ambulantes OP-Zentrum seit 2007<\/h6>\n<p>Im Jahr 2007 konnten wir das erste praxisambulante OP-Zentrum in Oldenburg er\u00f6ffnen. Durch die enge Zusammenarbeit mit unseren fach\u00e4rztlichen Kollegen ist eine neuartige, leistungsf\u00e4hige und zuverl\u00e4ssige M\u00f6glichkeit entstanden, die auch anderen Fach\u00e4rzten die Durchf\u00fchrung ambulanter Operationen erlaubt, selbst dann wenn sie selbst \u00fcber keine OP-R\u00e4ume innerhalb der eigenen Praxisstrukturen verf\u00fcgen. Diese M\u00f6glichkeit bietet Ihnen eine Erweiterung Ihrer fach\u00e4rztlichen T\u00e4tigkeit um das operative Spektrum und sorgt gleichzeitig f\u00fcr Ihre hohe Flexibilit\u00e4t, Planungssicherheit und Kosteneffizienz.<br \/>\nWir freuen uns, wenn wir Ihr Interesse geweckt haben. Informieren Sie sich auf den folgenden Seiten und sprechen Sie uns an, wann immer Sie wollen.<\/p>\n<\/div><div class=\"fusion-sep-clear\"><\/div><div class=\"fusion-separator fusion-full-width-sep\" style=\"margin-left: auto;margin-right: auto;margin-top:20px;width:100%;\"><div class=\"fusion-separator-border sep-single sep-solid\" style=\"--awb-height:20px;--awb-amount:20px;border-color:#e2e2e2;border-top-width:1px;\"><\/div><\/div><div class=\"fusion-sep-clear\"><\/div><div class=\"fusion-text fusion-text-2\"><h5>Weiterf\u00fchrende Informationen<\/h5>\n<\/div><div class=\"fusion-content-boxes content-boxes columns row fusion-columns-2 fusion-columns-total-2 fusion-content-boxes-1 content-boxes-icon-with-title content-left\" style=\"--awb-body-color:#005c75;--awb-title-color:#005c75;--awb-iconcolor:#ffffff;--awb-hover-accent-color:#51b747;--awb-circle-hover-accent-color:#51b747;\" data-animationOffset=\"top-into-view\"><div style=\"--awb-backgroundcolor:#ffffff;--awb-iconcolor:#ffffff;\" class=\"fusion-column content-box-column content-box-column content-box-column-1 col-lg-6 col-md-6 col-sm-6 fusion-content-box-hover content-box-column-first-in-row\"><div class=\"col content-box-wrapper content-wrapper-background link-area-link-icon link-type-text content-icon-wrapper-yes icon-hover-animation-fade\" data-animationOffset=\"top-into-view\"><div class=\"heading heading-with-icon icon-left\"><a class=\"heading-link\" style=\"float:left;\" href=\"https:\/\/op-zentrum-oldenburg.de\/index.php\/co-operieren\/\" target=\"_self\"><div class=\"icon\"><span style=\"height:42px;width:42px;line-height:22px;border-color:rgba(255,255,255,0);border-width:1px;border-style:solid;background-color:#005c75;box-sizing:content-box;border-radius:50%;\"><i style=\"border-color:#005c75;border-width:1px;background-color:#005c75;box-sizing:content-box;height:40px;width:40px;line-height:40px;border-radius:50%;position:relative;top:auto;left:auto;margin:0;border-radius:50%;font-size:20px;\" aria-hidden=\"true\" class=\"fontawesome-icon fa-angle-right fas circle-yes\"><\/i><\/span><\/div><h5 class=\"content-box-heading fusion-responsive-typography-calculated\" style=\"--h5_typography-font-size:18px;--fontSize:18;line-height:1.4;\">Co-Operieren<\/h5><\/a><\/div><div class=\"fusion-clearfix\"><\/div><div class=\"content-container\">\n<p>Coworking ist in aller Munde. Coworking-Spaces entstehen \u00fcberall. Coworking beschreibt eine neue Form von Zusammenarbeit, einen Bereich der neuen Arbeitsformen, eine fruchtbare gemeinsame Arbeit in offenen R\u00e4umen und offener Arbeitsatmosph\u00e4re, die zu symbiotischen Effekten, einem kollegialen Austausch und gemeinsamen Projekten f\u00fchrt. Coworking leitet sich von Zusammenarbeiten ab, von kollaborativen Arbeiten, von Ko-Arbeiten, von Kooperieren ab. Und bei Kooperieren ist Co-Operieren naheliegend.<\/p>\n<\/div><div class=\"fusion-clearfix\"><\/div><a class=\" fusion-read-more\" style=\"float:left;\" href=\"https:\/\/op-zentrum-oldenburg.de\/index.php\/co-operieren\/\" target=\"_self\">mehr erfahren...<\/a><div class=\"fusion-clearfix\"><\/div><\/div><\/div><div style=\"--awb-backgroundcolor:#ffffff;--awb-iconcolor:#ffffff;\" class=\"fusion-column content-box-column content-box-column content-box-column-2 col-lg-6 col-md-6 col-sm-6 fusion-content-box-hover content-box-column-last content-box-column-last-in-row\"><div class=\"col content-box-wrapper content-wrapper-background link-area-link-icon link-type-text content-icon-wrapper-yes icon-hover-animation-fade\" data-animationOffset=\"top-into-view\"><div class=\"heading heading-with-icon icon-left\"><a class=\"heading-link\" style=\"float:left;\" href=\"https:\/\/op-zentrum-oldenburg.de\/index.php\/leistungsspektrum\/\" target=\"_self\"><div class=\"icon\"><span style=\"height:42px;width:42px;line-height:22px;border-color:rgba(255,255,255,0);border-width:1px;border-style:solid;background-color:#005c75;box-sizing:content-box;border-radius:50%;\"><i style=\"border-color:#005c75;border-width:1px;background-color:#005c75;box-sizing:content-box;height:40px;width:40px;line-height:40px;border-radius:50%;position:relative;top:auto;left:auto;margin:0;border-radius:50%;font-size:20px;\" aria-hidden=\"true\" class=\"fontawesome-icon fa-angle-right fas circle-yes\"><\/i><\/span><\/div><h5 class=\"content-box-heading fusion-responsive-typography-calculated\" style=\"--h5_typography-font-size:18px;--fontSize:18;line-height:1.4;\">Leistungsspektrum<\/h5><\/a><\/div><div class=\"fusion-clearfix\"><\/div><div class=\"content-container\">\n<p>Wir versorgen in der Stadt Oldenburg und Umgebung Augen\u00e4rzte, Chirurgen, HNO-\u00c4rzte, Kieferchirurgen, Orthop\u00e4den, Urologen, Zahn\u00e4rzte und andere Kollegen mit unseren An\u00e4sthesie-Leistungen. Als bereits langj\u00e4hrig etablierter Partner von niedergelassenen operativ t\u00e4tigen Vertrags\u00e4rzten sind wir sowohl im vertrags\u00e4rztlichen als auch im privat\u00e4rztlichen Bereich in vielen ambulanten operativen Disziplinen professionell vertreten.<\/p>\n<\/div><div class=\"fusion-clearfix\"><\/div><a class=\" fusion-read-more\" style=\"float:left;\" href=\"https:\/\/op-zentrum-oldenburg.de\/index.php\/leistungsspektrum\/\" target=\"_self\">mehr erfahren...<\/a><div class=\"fusion-clearfix\"><\/div><\/div><\/div><div class=\"fusion-clearfix\"><\/div><\/div><div class=\"fusion-clearfix\"><\/div><\/div><\/div><div class=\"fusion-layout-column fusion_builder_column fusion-builder-column-1 fusion_builder_column_1_3 1_3 fusion-one-third fusion-column-last\" style=\"--awb-bg-size:cover;width:33.333333333333%;width:calc(33.333333333333% - ( ( 4% ) * 0.33333333333333 ) );\"><div class=\"fusion-column-wrapper fusion-column-has-shadow fusion-flex-column-wrapper-legacy\"><div class=\"fusion-content-boxes content-boxes columns row fusion-columns-1 fusion-columns-total-5 fusion-content-boxes-2 content-boxes-icon-with-title content-left\" style=\"--awb-body-color:#005c75;--awb-title-color:#005c75;--awb-hover-accent-color:#51b747;--awb-circle-hover-accent-color:#51b747;--awb-item-margin-bottom:40px;\" data-animationOffset=\"top-into-view\"><div style=\"--awb-backgroundcolor:#ccdee3;\" class=\"fusion-column content-box-column content-box-column content-box-column-1 col-lg-12 col-md-12 col-sm-12 fusion-content-box-hover content-box-column-last-in-row\"><div class=\"col content-box-wrapper content-wrapper-background link-area-link-icon link-type-text icon-hover-animation-fade\" data-animationOffset=\"top-into-view\"><div class=\"heading heading-with-icon icon-left\"><a class=\"heading-link\" style=\"float:left;\" href=\"https:\/\/op-zentrum-oldenburg.de\/index.php\/praxisrundgang\/\" target=\"_self\"><div class=\"icon\"><i style=\"border-color:#005c75;border-width:0px;background-color:#005c75;box-sizing:content-box;height:40px;width:40px;line-height:40px;border-radius:50%;font-size:20px;\" aria-hidden=\"true\" class=\"fontawesome-icon fa-sync fas circle-yes\"><\/i><\/div><h2 class=\"content-box-heading fusion-responsive-typography-calculated\" style=\"--h2_typography-font-size:24px;--fontSize:24;line-height:1.2;\">Praxisrundgang<\/h2><\/a><\/div><div class=\"fusion-clearfix\"><\/div><div class=\"content-container\">\n<p><a href=\"https:\/\/op-zentrum-oldenburg.de\/index.php\/praxisrundgang\/\" target=\"_blank\" rel=\"noopener noreferrer\"><img decoding=\"async\" class=\"alignnone wp-image-1983 size-full\" src=\"https:\/\/op-zentrum-oldenburg.de\/wp-content\/uploads\/2020\/08\/google-klein.jpg\" alt=\"\" width=\"270\" height=\"173\" srcset=\"https:\/\/op-zentrum-oldenburg.de\/wp-content\/uploads\/2020\/08\/google-klein-200x128.jpg 200w, https:\/\/op-zentrum-oldenburg.de\/wp-content\/uploads\/2020\/08\/google-klein.jpg 270w\" sizes=\"(max-width: 270px) 100vw, 270px\" \/><\/a><\/p>\n<\/div><div class=\"fusion-clearfix\"><\/div><a class=\" fusion-read-more\" style=\"float:left;\" href=\"https:\/\/op-zentrum-oldenburg.de\/index.php\/praxisrundgang\/\" target=\"_self\">Klicken Sie hier<\/a><div class=\"fusion-clearfix\"><\/div><\/div><\/div><div style=\"--awb-backgroundcolor:#d9e7ea;\" class=\"fusion-column content-box-column content-box-column content-box-column-2 col-lg-12 col-md-12 col-sm-12 fusion-content-box-hover content-box-column-last-in-row\"><div class=\"col content-box-wrapper content-wrapper-background link-area-link-icon link-type-text content-icon-wrapper-yes icon-hover-animation-fade\" data-animationOffset=\"top-into-view\"><div class=\"heading heading-with-icon icon-left\"><a class=\"heading-link\" style=\"float:left;\" href=\"https:\/\/op-zentrum-oldenburg.de\/index.php\/stellenangebote\/\" target=\"_self\"><div class=\"icon\"><span style=\"height:40px;width:40px;line-height:20px;border-color:rgba(255,255,255,0);border-width:1px;border-style:solid;background-color:rgba(255,255,255,0);box-sizing:content-box;border-radius:50%;\"><i style=\"border-color:#005c75;border-width:0px;background-color:#005c75;box-sizing:content-box;height:40px;width:40px;line-height:40px;border-radius:50%;position:relative;top:auto;left:auto;margin:0;border-radius:50%;font-size:20px;\" aria-hidden=\"true\" class=\"fontawesome-icon fa-user-md fas circle-yes\"><\/i><\/span><\/div><h2 class=\"content-box-heading fusion-responsive-typography-calculated\" style=\"--h2_typography-font-size:24px;--fontSize:24;line-height:1.2;\">Stellenangebote<\/h2><\/a><\/div><div class=\"fusion-clearfix\"><\/div><div class=\"content-container\">\n<p>Wir freuen wir uns auf Ihre berufliche Fachkompetenz und \u00fcber Ihr pers\u00f6nliches Engagement, Ihr Einf\u00fchlungsverm\u00f6gen und Ihre Teamf\u00e4higkeit.<\/p>\n<\/div><div class=\"fusion-clearfix\"><\/div><a class=\" fusion-read-more\" style=\"float:left;\" href=\"https:\/\/op-zentrum-oldenburg.de\/index.php\/stellenangebote\/\" target=\"_self\">mehr erfahren...<\/a><div class=\"fusion-clearfix\"><\/div><\/div><\/div><div style=\"--awb-backgroundcolor:#e5eff1;\" class=\"fusion-column content-box-column content-box-column content-box-column-3 col-lg-12 col-md-12 col-sm-12 fusion-content-box-hover content-box-column-last-in-row\"><div class=\"col content-box-wrapper content-wrapper-background link-area-link-icon link-type-text icon-hover-animation-fade\" data-animationOffset=\"top-into-view\"><div class=\"heading heading-with-icon icon-left\"><a class=\"heading-link\" style=\"float:left;\" href=\"https:\/\/op-zentrum-oldenburg.de\/index.php\/aerztliche-aufklaerung\/\" target=\"_self\"><div class=\"icon\"><i style=\"border-color:#005c75;border-width:0px;background-color:#005c75;box-sizing:content-box;height:40px;width:40px;line-height:40px;border-radius:50%;font-size:20px;\" aria-hidden=\"true\" class=\"fontawesome-icon fa-edit fas circle-yes\"><\/i><\/div><h2 class=\"content-box-heading fusion-responsive-typography-calculated\" style=\"--h2_typography-font-size:24px;--fontSize:24;line-height:1.2;\">\u00c4rztliche Aufkl\u00e4rung<\/h2><\/a><\/div><div class=\"fusion-clearfix\"><\/div><div class=\"content-container\">\n<p>F\u00fclllen Sie hier Ihren Narkose-Fragebogen aus und senden ihn mit einem Klick direkt an uns zur\u00fcck.<\/p>\n<\/div><div class=\"fusion-clearfix\"><\/div><a class=\" fusion-read-more\" style=\"float:left;\" href=\"https:\/\/op-zentrum-oldenburg.de\/index.php\/aerztliche-aufklaerung\/\" target=\"_self\">digitaler Narkose-Fragebogen<\/a><div class=\"fusion-clearfix\"><\/div><\/div><\/div><div style=\"--awb-backgroundcolor:#ecf3f4;\" class=\"fusion-column content-box-column content-box-column content-box-column-4 col-lg-12 col-md-12 col-sm-12 fusion-content-box-hover content-box-column-last-in-row\"><div class=\"col content-box-wrapper content-wrapper-background link-area-link-icon link-type-text icon-hover-animation-fade\" data-animationOffset=\"top-into-view\"><div class=\"heading heading-with-icon icon-left\"><a class=\"heading-link\" style=\"float:left;\" href=\"https:\/\/op-zentrum-oldenburg.de\/index.php\/terminbuchung\/\" target=\"_self\"><div class=\"icon\"><i style=\"border-color:#005c75;border-width:0px;background-color:#005c75;box-sizing:content-box;height:40px;width:40px;line-height:40px;border-radius:50%;font-size:20px;\" aria-hidden=\"true\" class=\"fontawesome-icon fa-calendar-alt fas circle-yes\"><\/i><\/div><h2 class=\"content-box-heading fusion-responsive-typography-calculated\" style=\"--h2_typography-font-size:24px;--fontSize:24;line-height:1.2;\">Online Termin<\/h2><\/a><\/div><div class=\"fusion-clearfix\"><\/div><div class=\"content-container\">\n<p>Terminvereinbarung online in 5 Minuten, ohne Wartezeiten und rund um die Uhr.<\/p>\n<\/div><div class=\"fusion-clearfix\"><\/div><a class=\" fusion-read-more\" style=\"float:left;\" href=\"https:\/\/op-zentrum-oldenburg.de\/index.php\/terminbuchung\/\" target=\"_self\">Praxis-Termin online buchen<\/a><div class=\"fusion-clearfix\"><\/div><\/div><\/div><div style=\"--awb-backgroundcolor:#f2f7f8;\" class=\"fusion-column content-box-column content-box-column content-box-column-5 col-lg-12 col-md-12 col-sm-12 fusion-content-box-hover content-box-column-last content-box-column-last-in-row\"><div class=\"col content-box-wrapper content-wrapper-background link-area-link-icon link-type-text icon-hover-animation-fade\" data-animationOffset=\"top-into-view\"><div class=\"heading heading-with-icon icon-left\"><a class=\"heading-link\" style=\"float:left;\" href=\"https:\/\/op-zentrum-oldenburg.de\/index.php\/aktuelles\/\" target=\"_self\"><div class=\"icon\"><i style=\"border-color:#005c75;border-width:0px;background-color:#005c75;box-sizing:content-box;height:40px;width:40px;line-height:40px;border-radius:50%;font-size:20px;\" aria-hidden=\"true\" class=\"fontawesome-icon fa-glasses fas circle-yes\"><\/i><\/div><h2 class=\"content-box-heading fusion-responsive-typography-calculated\" style=\"--h2_typography-font-size:24px;--fontSize:24;line-height:1.2;\">Aktuelles<\/h2><\/a><\/div><div class=\"fusion-clearfix\"><\/div><div class=\"content-container\">\n<p>Hier finden Sie aktuelle Informationen zu Covid-19, An\u00e4sthesie und mehr\u2026<\/p>\n<\/div><div class=\"fusion-clearfix\"><\/div><a class=\" fusion-read-more\" style=\"float:left;\" href=\"https:\/\/op-zentrum-oldenburg.de\/index.php\/aktuelles\/\" target=\"_self\">Zur Seite Aktuelles<\/a><div class=\"fusion-clearfix\"><\/div><\/div><\/div><div class=\"fusion-clearfix\"><\/div><\/div><div class=\"fusion-clearfix\"><\/div><\/div><\/div>\n<\/div><\/div>\n","protected":false},"excerpt":{"rendered":"","protected":false},"author":1,"featured_media":0,"parent":0,"menu_order":0,"comment_status":"closed","ping_status":"closed","template":"","meta":{"footnotes":""},"class_list":["post-17","page","type-page","status-publish","hentry"],"_links":{"self":[{"href":"https:\/\/op-zentrum-oldenburg.de\/index.php\/wp-json\/wp\/v2\/pages\/17","targetHints":{"allow":["GET"]}}],"collection":[{"href":"https:\/\/op-zentrum-oldenburg.de\/index.php\/wp-json\/wp\/v2\/pages"}],"about":[{"href":"https:\/\/op-zentrum-oldenburg.de\/index.php\/wp-json\/wp\/v2\/types\/page"}],"author":[{"embeddable":true,"href":"https:\/\/op-zentrum-oldenburg.de\/index.php\/wp-json\/wp\/v2\/users\/1"}],"replies":[{"embeddable":true,"href":"https:\/\/op-zentrum-oldenburg.de\/index.php\/wp-json\/wp\/v2\/comments?post=17"}],"version-history":[{"count":104,"href":"https:\/\/op-zentrum-oldenburg.de\/index.php\/wp-json\/wp\/v2\/pages\/17\/revisions"}],"predecessor-version":[{"id":1964,"href":"https:\/\/op-zentrum-oldenburg.de\/index.php\/wp-json\/wp\/v2\/pages\/17\/revisions\/1964"}],"wp:attachment":[{"href":"https:\/\/op-zentrum-oldenburg.de\/index.php\/wp-json\/wp\/v2\/media?parent=17"}],"curies":[{"name":"wp","href":"https:\/\/api.w.org\/{rel}","templated":true}]}}