{"id":295,"date":"2020-03-06T07:19:35","date_gmt":"2020-03-06T06:19:35","guid":{"rendered":"https:\/\/op-zentrum-oldenburg.de\/?page_id=295"},"modified":"2020-08-17T11:03:50","modified_gmt":"2020-08-17T09:03:50","slug":"fuer-die-eltern","status":"publish","type":"page","link":"https:\/\/op-zentrum-oldenburg.de\/index.php\/fuer-die-eltern\/","title":{"rendered":"F\u00fcr die Eltern?"},"content":{"rendered":"<div class=\"fusion-fullwidth fullwidth-box fusion-builder-row-1 nonhundred-percent-fullwidth non-hundred-percent-height-scrolling\" style=\"--awb-border-radius-top-left:0px;--awb-border-radius-top-right:0px;--awb-border-radius-bottom-right:0px;--awb-border-radius-bottom-left:0px;--awb-flex-wrap:wrap;\" ><div class=\"fusion-builder-row fusion-row\"><div class=\"fusion-layout-column fusion_builder_column fusion-builder-column-0 fusion_builder_column_2_3 2_3 fusion-two-third fusion-column-first\" style=\"--awb-bg-size:cover;width:66.666666666667%;width:calc(66.666666666667% - ( ( 4% ) * 0.66666666666667 ) );margin-right: 4%;\"><div class=\"fusion-column-wrapper fusion-column-has-shadow fusion-flex-column-wrapper-legacy\"><div class=\"fusion-text fusion-text-1\"><h2>F\u00fcr die Eltern?<\/h2>\n<p>Eltern liegt das Wohl des eigenen Kindes immer ganz besonders am Herzen. Sie sorgen jeden Tag f\u00fcr Ihr Kind und machen sich an Tagen, an denen Ihr Kind krank ist, besonders gro\u00dfe Sorgen. Eine Operation ist dabei sicherlich besonders emotional. Wir m\u00f6chten Ihnen hiermit die wichtigsten Informationen zu diesem Behandlungsablauf geben.<\/p>\n<h4>Kinder bed\u00fcrfen einer besonderen an\u00e4sthesiologischen F\u00fcrsorge<\/h4>\n<p>Kinder sind keine kleinen Erwachsenen, Kinder bed\u00fcrfen einer besonderen an\u00e4sthesiologischen F\u00fcrsorge. Unser Team ist in der ambulanten Kinderan\u00e4sthesie sehr erfahren, der Anteil von Kindern ist in unserer Praxis gro\u00df. Narkosen bei Kindern geh\u00f6ren bei uns zur Normalit\u00e4t und wir kooperieren dabei seit langer Zeit mit speziell ausgebildeten Kinderchirurgen. Unsere Routine tr\u00e4gt zur Sicherheit bei der Behandlung Ihres Kindes bei.<\/p>\n<p>Auf die h\u00e4ufigsten Fragen wollen wir Ihnen hier einige Antworten geben, sollten Sie weitergehende Informationen w\u00fcnschen, sprechen Sie uns an.<\/p>\n<h4>Muss ich mit meinem Kind \u00fcber die Operation sprechen?<\/h4>\n<p>Es ist immer f\u00f6rderlich, wenn Kinder m\u00f6glichst genau wissen, was auf sie zukommt. Ungewohnte Umgebung und unbekannte Abl\u00e4ufe f\u00f6rdern Unbehagen und \u00c4ngste. Ein freundliches Gespr\u00e4ch mit Ihrem Kind im Vorfeld baut Ber\u00fchrungs\u00e4ngste ab. Sie k\u00f6nnen sich dabei an unseren Seiten orientieren oder auch auf Literatur in Buchform oder als H\u00f6rspiel zur\u00fcckgreifen.<\/p>\n<h4>Muss ich mit meinem Kind zum Vorgespr\u00e4ch kommen?<\/h4>\n<p>Ein Vorgespr\u00e4ch gemeinsam mit Ihrem Kind ist unbedingt anzuraten. Wir bekommen dabei die Gelegenheit, Ihr Kind zu beobachten und k\u00f6nnen dabei oft Begleiterkrankungen schnell erkennen. Wir k\u00f6nnen das Verhalten Ihres Kindes gut einsch\u00e4tzen und es dabei schon in die Thematik einf\u00fchren. Spielerisch k\u00f6nnen wir Ihrem Kind erz\u00e4hlen, was f\u00fcr uns alle an dem besonderen Tag wichtig ist. Dabei k\u00f6nnen wir auch Arztbefunde sichten und eventuelle Besonderheiten besprechen, wie z. B. Medikamentengabe oder Schmerztherapie zu Hause.<\/p>\n<h4>Muss mein Kind wirklich n\u00fcchtern bleiben?<\/h4>\n<p>Zur Vermeidung von Erbrechen und damit verbundenen Problemen ist es unbedingt notwendig, dass auch Kinder n\u00fcchtern bleiben. Die N\u00fcchternzeiten sind f\u00fcr alle Menschen, ob gro\u00df oder klein, jung oder alt, die gleichen. Sie finden die genaue Beschreibung unter Narkoseablauf \/ vor der Narkose. Kurz gesagt: Essen ist nur bis 6 Stunden vor der Operation erlaubt, Muttermilch bis 4 Stunden, Wasser darf bis 2 Stunden vor der Operation getrunken werden.<\/p>\n<h4>Ist ein Schnupfen Grund zur Terminverschiebung?<\/h4>\n<p>Sollte Ihr Kind krank sein, sollten Sie uns rechtzeitig telefonisch informieren. Eine Entscheidung dar\u00fcber, ob z. B. w\u00e4hrend oder nach einer Erk\u00e4ltung eine Operation und Narkose durchgef\u00fchrt werden k\u00f6nnen, ist immer eine individuelle Entscheidung. Dabei spielen Vorerkrankungen, der Allgemeinzustand, die Dauer und der Schweregrad der Operation eine gro\u00dfe Rolle. Z\u00f6gern Sie nicht, mit uns dar\u00fcber zu sprechen.<\/p>\n<h4>Darf ich bei der Behandlung dabei sein?<\/h4>\n<p>Wir freuen uns, wenn Sie m\u00f6glichst lange und aktiv mit uns bei Ihrem Kind sind. Fast immer k\u00f6nnen wir Sie mit unseren OP-Bereich mitnehmen, Sie bleiben bei Ihrem Kind bis es schl\u00e4ft. Sie unterst\u00fctzen Ihr Kind und uns bei der Narkoseeinleitung. Erst wenn der Narkoseschlaf eingesetzt hat, begleiten wir Sie zur\u00fcck in die Wartezone. Dort haben Sie eine kurze Pause, bis Sie im Aufwachraum so bald es m\u00f6glich ist, wieder bei Ihrem Kind sein k\u00f6nnen. In aller Regel wird Ihr Kind dann noch schl\u00e4frig sein und erst in Ihrem Beisein wieder wach. Somit sp\u00fcrt Ihr Kind keine Trennung von den Eltern.<\/p>\n<h4>Wann darf mein Kind wieder essen und spielen?<\/h4>\n<p>Sobald Ihr Kind wieder wach ist und sitzen kann, kann es auch wieder essen und trinken. Den ersten Tee und den ersten Keks gibt es sogar schon bei uns im Aufwachraum. Sie k\u00f6nnen Ihrem Kind auch selbst etwas mitbringen, insbesondere dann wenn Sie eine l\u00e4ngere R\u00fcckreise antreten. Es sollten allerdings leicht vertr\u00e4gliche Speisen und Getr\u00e4nke sein. Stark fetthaltige oder Kohlens\u00e4urehaltigen Getr\u00e4nke werden manchmal weniger gut vertragen.<\/p>\n<h4>Wird mein Kind sich \u00fcbergeben m\u00fcssen?<\/h4>\n<p>\u00dcbelkeit und Erbrechen sind nach Narkosen sehr selten. Moderne Medikamente und An\u00e4sthesiekonzepte sowie vorbeugende Ma\u00dfnahmen k\u00f6nnen eine postoperative \u00dcbelkeit oder sogar Erbrechen nahezu ausschlie\u00dfen. Sollte es dennoch dazu kommen, k\u00f6nnen wir im Aufwachraum schnell medikament\u00f6s eingreifen und zuverl\u00e4ssig Abhilfe schaffen.<\/p>\n<h4>Wird mein Kind Schmerzen haben?<\/h4>\n<p>Schmerzen geh\u00f6ren zwar nach Operationen genau so wie nach h\u00e4uslichen Verletzungen grunds\u00e4tzlich dazu, sie k\u00f6nnen aber gut und zuverl\u00e4ssig behandelt werden. Wir verabreichen schon vor oder w\u00e4hrend der Narkose schmerzstillende Medikamente und unterst\u00fctzen diese nach M\u00f6glichkeit durch eine zus\u00e4tzliche \u00f6rtliche Bet\u00e4ubung w\u00e4hrend Ihr Kind noch schl\u00e4ft. Dadurch ist meistens eine weitgehende Schmerzfreiheit nach der Behandlung gew\u00e4hrleistet. Zu Hause k\u00f6nnen Sie mit Schmerzs\u00e4ften oder Z\u00e4pfchen zu einem l\u00e4ngeren Wohlbefinden beitragen. Eine Anleitung dazu bekommen Sie von uns vor der Entlassung.<\/p>\n<h4>Wird mein Kind weinen oder unruhig sein?<\/h4>\n<p>Unruhe, Unkooperativit\u00e4t oder sogar Verwirrtheit sind nach Narkosen denkbar, aber bei gutem An\u00e4sthesiekonzept sehr selten. Wir versuchen speziell abgestimmte Verfahren anzuwenden, die alle Situationen vermeiden sollen, die zu einer Unruhe im Nachhinein beitragen k\u00f6nnen. Dazu geh\u00f6ren unter anderem ein Verzicht auf medikament\u00f6se Beruhigung vor der Narkose zugunsten der elterlichen F\u00fcrsorge, ein Verzicht auf inhalierbare Narkosegase, eine zuverl\u00e4ssige Schmerztherapie sowie eine m\u00f6glichst fr\u00fche N\u00e4he zu Eltern in der Aufwachphase. Nicht immer k\u00f6nnen wir alle diese Punkte vollst\u00e4ndig erf\u00fcllen, dennoch k\u00f6nnen Sie davon ausgehen, dass Ihr Kind nach der Narkose zwar etwas m\u00fcde, unaufmerksam oder tollpatschig sein wird, es wird aber meistens zufrieden, froh und f\u00fchrbar sein.<\/p>\n<h4>Muss ich zu Hause noch etwas bedenken?<\/h4>\n<p>Sie sollten Ihre Heimreise gut organisieren. Eine Begleitperson sollte sich um das Kind k\u00fcmmern k\u00f6nnen, fahren sollte eine andere Person. \u00d6ffentliche Verkehrsmittel sind f\u00fcr die R\u00fcckfahrt nicht empfehlenswert. Eine Kuscheldecke, ein Kuscheltier, Wechselkleidung k\u00f6nnen Ihrem Kind die Zeit dabei vers\u00fc\u00dfen. Zu Hause sollten Sie Ihrem Kind Ruhe g\u00f6nnen. Es ist ein guter Tag zum Vorlesen, aber kein guter Tag zum Springen und Toben. Ihr Kind muss nicht zwingend ins Bett, aber das Sofa ist ein guter Begleiter. Essen und Trinken sind m\u00f6glich. F\u00fcr die h\u00e4usliche Schmerztherapie bekommen Sie von uns eine Anleitung. Ebenfalls bekommen Sie Kontakttelefonnummern zu Ihrem An\u00e4sthesisten und Operateur. Sobald Sie in Sorge geraten, k\u00f6nnen Sie uns in den ersten 24 Stunden anrufen.<\/p>\n<h4>Muss ich den Verband wechseln?<\/h4>\n<p>In aller Regel soll der Verband in den ersten 24-48 Stunden nicht gewechselt werden. Bei starken Verschmutzungen kann der Verband durch ein Gazepflaster ersetzt werden. Falls Sie eine ungew\u00f6hnliche Blutung beobachten, sollten Sie mit dem Operateur Kontakt aufnehmen.<\/p>\n<h4>Ist eine \u00e4rztliche Kontrolle notwendig?<\/h4>\n<p>Wir besprechen mit Ihnen eine eventuelle Kontrolle im Anschluss an die Operation. Bei gr\u00f6\u00dferen Operationen sollte diese am n\u00e4chsten oder \u00fcbern\u00e4chsten Tag beim Operateur oder manchmal auch bei dem Kinderarzt stattfinden. Daf\u00fcr k\u00f6nnen Sie vielleicht schon im Vorfeld um einen Termin bitten.<\/p>\n<\/div><div class=\"fusion-sep-clear\"><\/div><div class=\"fusion-separator fusion-full-width-sep\" style=\"margin-left: auto;margin-right: auto;margin-top:20px;width:100%;\"><div class=\"fusion-separator-border sep-single sep-solid\" style=\"--awb-height:20px;--awb-amount:20px;border-color:#e2e2e2;border-top-width:1px;\"><\/div><\/div><div class=\"fusion-sep-clear\"><\/div>\n<div class=\"fusion-text fusion-text-2\"><h5>Weiterf\u00fchrende Informationen<\/h5>\n<\/div>\n<div class=\"fusion-content-boxes content-boxes columns row fusion-columns-2 fusion-columns-total-2 fusion-content-boxes-1 content-boxes-icon-with-title content-left\" style=\"--awb-body-color:#005c75;--awb-title-color:#005c75;--awb-hover-accent-color:#51b747;--awb-circle-hover-accent-color:#51b747;\" data-animationOffset=\"top-into-view\"><div style=\"--awb-backgroundcolor:#ffffff;\" class=\"fusion-column content-box-column content-box-column content-box-column-1 col-lg-6 col-md-6 col-sm-6 fusion-content-box-hover content-box-column-first-in-row\"><div class=\"col content-box-wrapper content-wrapper-background link-area-link-icon link-type-text content-icon-wrapper-yes icon-hover-animation-fade\" data-animationOffset=\"top-into-view\"><div class=\"heading heading-with-icon icon-left\"><a class=\"heading-link\" style=\"float:left;\" href=\"https:\/\/www.anaesthesisten-im-netz.de\/anaesthesie\/narkose-bei-kindern\/\" target=\"_blank\" rel=\"noopener noreferrer\"><div class=\"icon\"><span style=\"height:42px;width:42px;line-height:22px;border-color:rgba(255,255,255,0);border-width:1px;border-style:solid;background-color:#005c75;box-sizing:content-box;border-radius:50%;\"><i style=\"border-color:#005c75;border-width:1px;background-color:#005c75;box-sizing:content-box;height:40px;width:40px;line-height:40px;border-radius:50%;position:relative;top:auto;left:auto;margin:0;border-radius:50%;font-size:20px;\" aria-hidden=\"true\" class=\"fontawesome-icon fa-angle-right fas circle-yes\"><\/i><\/span><\/div><h5 class=\"content-box-heading fusion-responsive-typography-calculated\" style=\"--h5_typography-font-size:18px;--fontSize:18;line-height:1.4;\">Narkose bei Kindern<\/h5><\/a><\/div><div class=\"fusion-clearfix\"><\/div><div class=\"content-container\">\n<p>F\u00fcr Kinder, insbesondere f\u00fcr S\u00e4uglinge und Kleinkinder, gelten bei Eingriffen unter Narkose andere Voraussetzungen als bei Erwachsenen. Besonderheiten, die es bei der An\u00e4sthesie eines Kindes zu beachten gilt, liegen beispielsweise (&#8230;)<\/p>\n<p>(externer Link)<\/p>\n<\/div><div class=\"fusion-clearfix\"><\/div><a class=\" fusion-read-more\" style=\"float:left;\" href=\"https:\/\/www.anaesthesisten-im-netz.de\/anaesthesie\/narkose-bei-kindern\/\" target=\"_blank\" rel=\"noopener noreferrer\">mehr erfahren...<\/a><div class=\"fusion-clearfix\"><\/div><\/div><\/div><div style=\"--awb-backgroundcolor:#ffffff;\" class=\"fusion-column content-box-column content-box-column content-box-column-2 col-lg-6 col-md-6 col-sm-6 fusion-content-box-hover content-box-column-last content-box-column-last-in-row\"><div class=\"col content-box-wrapper content-wrapper-background link-area-link-icon link-type-text content-icon-wrapper-yes icon-hover-animation-fade\" data-animationOffset=\"top-into-view\"><div class=\"heading heading-with-icon icon-left\"><a class=\"heading-link\" style=\"float:left;\" href=\"https:\/\/www.sichere-narkose.de\/index.php\/narkose-fuer-jung-und-alt\/narkose-fuer-kinder\" target=\"_blank\" rel=\"noopener noreferrer\"><div class=\"icon\"><span style=\"height:42px;width:42px;line-height:22px;border-color:rgba(255,255,255,0);border-width:1px;border-style:solid;background-color:#005c75;box-sizing:content-box;border-radius:50%;\"><i style=\"border-color:#005c75;border-width:1px;background-color:#005c75;box-sizing:content-box;height:40px;width:40px;line-height:40px;border-radius:50%;position:relative;top:auto;left:auto;margin:0;border-radius:50%;font-size:20px;\" aria-hidden=\"true\" class=\"fontawesome-icon fa-angle-right fas circle-yes\"><\/i><\/span><\/div><h5 class=\"content-box-heading fusion-responsive-typography-calculated\" style=\"--h5_typography-font-size:18px;--fontSize:18;line-height:1.4;\">Narkose f\u00fcr Kinder<\/h5><\/a><\/div><div class=\"fusion-clearfix\"><\/div><div class=\"content-container\">\n<p>Wenn junge Menschen operiert werden m\u00fcssen, ist es immer eine besondere Situation &#8211; f\u00fcr die Kinder selbst aber auch f\u00fcr die Familie. Umso wichtiger ist es, dass sich Eltern und Kinder auf den Tag der OP bestm\u00f6glich vorbereiten.<\/p>\n<p>(externer Link)<\/p>\n<\/div><div class=\"fusion-clearfix\"><\/div><a class=\" fusion-read-more\" style=\"float:left;\" href=\"https:\/\/www.sichere-narkose.de\/index.php\/narkose-fuer-jung-und-alt\/narkose-fuer-kinder\" target=\"_blank\" rel=\"noopener noreferrer\">mehr erfahren...<\/a><div class=\"fusion-clearfix\"><\/div><\/div><\/div><div class=\"fusion-clearfix\"><\/div><\/div><div class=\"fusion-clearfix\"><\/div><\/div><\/div><div class=\"fusion-layout-column fusion_builder_column fusion-builder-column-1 fusion_builder_column_1_3 1_3 fusion-one-third fusion-column-last\" style=\"--awb-bg-size:cover;width:33.333333333333%;width:calc(33.333333333333% - ( ( 4% ) * 0.33333333333333 ) );\"><div class=\"fusion-column-wrapper fusion-column-has-shadow fusion-flex-column-wrapper-legacy\"><div class=\"fusion-content-boxes content-boxes columns row fusion-columns-1 fusion-columns-total-5 fusion-content-boxes-2 content-boxes-icon-with-title content-left\" style=\"--awb-body-color:#005c75;--awb-title-color:#005c75;--awb-hover-accent-color:#51b747;--awb-circle-hover-accent-color:#51b747;--awb-item-margin-bottom:40px;\" data-animationOffset=\"top-into-view\"><div style=\"--awb-backgroundcolor:#ccdee3;\" class=\"fusion-column content-box-column content-box-column content-box-column-1 col-lg-12 col-md-12 col-sm-12 fusion-content-box-hover content-box-column-last-in-row\"><div class=\"col content-box-wrapper content-wrapper-background link-area-link-icon link-type-text icon-hover-animation-fade\" data-animationOffset=\"top-into-view\"><div class=\"heading heading-with-icon icon-left\"><a class=\"heading-link\" style=\"float:left;\" href=\"https:\/\/op-zentrum-oldenburg.de\/index.php\/praxisrundgang\/\" target=\"_self\"><div class=\"icon\"><i style=\"border-color:#005c75;border-width:0px;background-color:#005c75;box-sizing:content-box;height:40px;width:40px;line-height:40px;border-radius:50%;font-size:20px;\" aria-hidden=\"true\" class=\"fontawesome-icon fa-sync fas circle-yes\"><\/i><\/div><h2 class=\"content-box-heading fusion-responsive-typography-calculated\" style=\"--h2_typography-font-size:24px;--fontSize:24;line-height:1.2;\">Praxisrundgang<\/h2><\/a><\/div><div class=\"fusion-clearfix\"><\/div><div class=\"content-container\">\n<p><a href=\"https:\/\/op-zentrum-oldenburg.de\/index.php\/praxisrundgang\/\" target=\"_blank\" rel=\"noopener noreferrer\"><img decoding=\"async\" class=\"alignnone wp-image-1983 size-full\" src=\"https:\/\/op-zentrum-oldenburg.de\/wp-content\/uploads\/2020\/08\/google-klein.jpg\" alt=\"\" width=\"270\" height=\"173\" srcset=\"https:\/\/op-zentrum-oldenburg.de\/wp-content\/uploads\/2020\/08\/google-klein-200x128.jpg 200w, https:\/\/op-zentrum-oldenburg.de\/wp-content\/uploads\/2020\/08\/google-klein.jpg 270w\" sizes=\"(max-width: 270px) 100vw, 270px\" \/><\/a><\/p>\n<\/div><div class=\"fusion-clearfix\"><\/div><a class=\" fusion-read-more\" style=\"float:left;\" href=\"https:\/\/op-zentrum-oldenburg.de\/index.php\/praxisrundgang\/\" target=\"_self\">Klicken Sie hier<\/a><div class=\"fusion-clearfix\"><\/div><\/div><\/div><div style=\"--awb-backgroundcolor:#d9e7ea;\" class=\"fusion-column content-box-column content-box-column content-box-column-2 col-lg-12 col-md-12 col-sm-12 fusion-content-box-hover content-box-column-last-in-row\"><div class=\"col content-box-wrapper content-wrapper-background link-area-link-icon link-type-text content-icon-wrapper-yes icon-hover-animation-fade\" data-animationOffset=\"top-into-view\"><div class=\"heading heading-with-icon icon-left\"><a class=\"heading-link\" style=\"float:left;\" href=\"https:\/\/op-zentrum-oldenburg.de\/index.php\/stellenangebote\/\" target=\"_self\"><div class=\"icon\"><span style=\"height:40px;width:40px;line-height:20px;border-color:rgba(255,255,255,0);border-width:1px;border-style:solid;background-color:rgba(255,255,255,0);box-sizing:content-box;border-radius:50%;\"><i style=\"border-color:#005c75;border-width:0px;background-color:#005c75;box-sizing:content-box;height:40px;width:40px;line-height:40px;border-radius:50%;position:relative;top:auto;left:auto;margin:0;border-radius:50%;font-size:20px;\" aria-hidden=\"true\" class=\"fontawesome-icon fa-user-md fas circle-yes\"><\/i><\/span><\/div><h2 class=\"content-box-heading fusion-responsive-typography-calculated\" style=\"--h2_typography-font-size:24px;--fontSize:24;line-height:1.2;\">Stellenangebote<\/h2><\/a><\/div><div class=\"fusion-clearfix\"><\/div><div class=\"content-container\">\n<p>Wir freuen wir uns auf Ihre berufliche Fachkompetenz und \u00fcber Ihr pers\u00f6nliches Engagement, Ihr Einf\u00fchlungsverm\u00f6gen und Ihre Teamf\u00e4higkeit.<\/p>\n<\/div><div class=\"fusion-clearfix\"><\/div><a class=\" fusion-read-more\" style=\"float:left;\" href=\"https:\/\/op-zentrum-oldenburg.de\/index.php\/stellenangebote\/\" target=\"_self\">mehr erfahren...<\/a><div class=\"fusion-clearfix\"><\/div><\/div><\/div><div style=\"--awb-backgroundcolor:#e5eff1;\" class=\"fusion-column content-box-column content-box-column content-box-column-3 col-lg-12 col-md-12 col-sm-12 fusion-content-box-hover content-box-column-last-in-row\"><div class=\"col content-box-wrapper content-wrapper-background link-area-link-icon link-type-text icon-hover-animation-fade\" data-animationOffset=\"top-into-view\"><div class=\"heading heading-with-icon icon-left\"><a class=\"heading-link\" style=\"float:left;\" href=\"https:\/\/op-zentrum-oldenburg.de\/index.php\/aerztliche-aufklaerung\/\" target=\"_self\"><div class=\"icon\"><i style=\"border-color:#005c75;border-width:0px;background-color:#005c75;box-sizing:content-box;height:40px;width:40px;line-height:40px;border-radius:50%;font-size:20px;\" aria-hidden=\"true\" class=\"fontawesome-icon fa-edit fas circle-yes\"><\/i><\/div><h2 class=\"content-box-heading fusion-responsive-typography-calculated\" style=\"--h2_typography-font-size:24px;--fontSize:24;line-height:1.2;\">\u00c4rztliche Aufkl\u00e4rung<\/h2><\/a><\/div><div class=\"fusion-clearfix\"><\/div><div class=\"content-container\">\n<p>F\u00fclllen Sie hier Ihren Narkose-Fragebogen aus und senden ihn mit einem Klick direkt an uns zur\u00fcck.<\/p>\n<\/div><div class=\"fusion-clearfix\"><\/div><a class=\" fusion-read-more\" style=\"float:left;\" href=\"https:\/\/op-zentrum-oldenburg.de\/index.php\/aerztliche-aufklaerung\/\" target=\"_self\">digitaler Narkose-Fragebogen<\/a><div class=\"fusion-clearfix\"><\/div><\/div><\/div><div style=\"--awb-backgroundcolor:#ecf3f4;\" class=\"fusion-column content-box-column content-box-column content-box-column-4 col-lg-12 col-md-12 col-sm-12 fusion-content-box-hover content-box-column-last-in-row\"><div class=\"col content-box-wrapper content-wrapper-background link-area-link-icon link-type-text icon-hover-animation-fade\" data-animationOffset=\"top-into-view\"><div class=\"heading heading-with-icon icon-left\"><a class=\"heading-link\" style=\"float:left;\" href=\"https:\/\/op-zentrum-oldenburg.de\/index.php\/terminbuchung\/\" target=\"_self\"><div class=\"icon\"><i style=\"border-color:#005c75;border-width:0px;background-color:#005c75;box-sizing:content-box;height:40px;width:40px;line-height:40px;border-radius:50%;font-size:20px;\" aria-hidden=\"true\" class=\"fontawesome-icon fa-calendar-alt fas circle-yes\"><\/i><\/div><h2 class=\"content-box-heading fusion-responsive-typography-calculated\" style=\"--h2_typography-font-size:24px;--fontSize:24;line-height:1.2;\">Online Termin<\/h2><\/a><\/div><div class=\"fusion-clearfix\"><\/div><div class=\"content-container\">\n<p>Terminvereinbarung online in 5 Minuten, ohne Wartezeiten und rund um die Uhr.<\/p>\n<\/div><div class=\"fusion-clearfix\"><\/div><a class=\" fusion-read-more\" style=\"float:left;\" href=\"https:\/\/op-zentrum-oldenburg.de\/index.php\/terminbuchung\/\" target=\"_self\">Praxis-Termin online buchen<\/a><div class=\"fusion-clearfix\"><\/div><\/div><\/div><div style=\"--awb-backgroundcolor:#f2f7f8;\" class=\"fusion-column content-box-column content-box-column content-box-column-5 col-lg-12 col-md-12 col-sm-12 fusion-content-box-hover content-box-column-last content-box-column-last-in-row\"><div class=\"col content-box-wrapper content-wrapper-background link-area-link-icon link-type-text icon-hover-animation-fade\" data-animationOffset=\"top-into-view\"><div class=\"heading heading-with-icon icon-left\"><a class=\"heading-link\" style=\"float:left;\" href=\"https:\/\/op-zentrum-oldenburg.de\/index.php\/aktuelles\/\" target=\"_self\"><div class=\"icon\"><i style=\"border-color:#005c75;border-width:0px;background-color:#005c75;box-sizing:content-box;height:40px;width:40px;line-height:40px;border-radius:50%;font-size:20px;\" aria-hidden=\"true\" class=\"fontawesome-icon fa-glasses fas circle-yes\"><\/i><\/div><h2 class=\"content-box-heading fusion-responsive-typography-calculated\" style=\"--h2_typography-font-size:24px;--fontSize:24;line-height:1.2;\">Aktuelles<\/h2><\/a><\/div><div class=\"fusion-clearfix\"><\/div><div class=\"content-container\">\n<p>Hier finden Sie aktuelle Informationen zu Covid-19, An\u00e4sthesie und mehr\u2026<\/p>\n<\/div><div class=\"fusion-clearfix\"><\/div><a class=\" fusion-read-more\" style=\"float:left;\" href=\"https:\/\/op-zentrum-oldenburg.de\/index.php\/aktuelles\/\" target=\"_self\">Zur Seite Aktuelles<\/a><div class=\"fusion-clearfix\"><\/div><\/div><\/div><div class=\"fusion-clearfix\"><\/div><\/div><div class=\"fusion-clearfix\"><\/div><\/div><\/div>\n<\/div><\/div>\n","protected":false},"excerpt":{"rendered":"","protected":false},"author":1,"featured_media":0,"parent":0,"menu_order":0,"comment_status":"closed","ping_status":"closed","template":"","meta":{"footnotes":""},"class_list":["post-295","page","type-page","status-publish","hentry"],"_links":{"self":[{"href":"https:\/\/op-zentrum-oldenburg.de\/index.php\/wp-json\/wp\/v2\/pages\/295","targetHints":{"allow":["GET"]}}],"collection":[{"href":"https:\/\/op-zentrum-oldenburg.de\/index.php\/wp-json\/wp\/v2\/pages"}],"about":[{"href":"https:\/\/op-zentrum-oldenburg.de\/index.php\/wp-json\/wp\/v2\/types\/page"}],"author":[{"embeddable":true,"href":"https:\/\/op-zentrum-oldenburg.de\/index.php\/wp-json\/wp\/v2\/users\/1"}],"replies":[{"embeddable":true,"href":"https:\/\/op-zentrum-oldenburg.de\/index.php\/wp-json\/wp\/v2\/comments?post=295"}],"version-history":[{"count":14,"href":"https:\/\/op-zentrum-oldenburg.de\/index.php\/wp-json\/wp\/v2\/pages\/295\/revisions"}],"predecessor-version":[{"id":1691,"href":"https:\/\/op-zentrum-oldenburg.de\/index.php\/wp-json\/wp\/v2\/pages\/295\/revisions\/1691"}],"wp:attachment":[{"href":"https:\/\/op-zentrum-oldenburg.de\/index.php\/wp-json\/wp\/v2\/media?parent=295"}],"curies":[{"name":"wp","href":"https:\/\/api.w.org\/{rel}","templated":true}]}}