{"id":34,"date":"2020-03-02T11:54:03","date_gmt":"2020-03-02T10:54:03","guid":{"rendered":"https:\/\/op-zentrum-oldenburg.de\/?page_id=34"},"modified":"2021-10-19T14:55:03","modified_gmt":"2021-10-19T12:55:03","slug":"aerzte","status":"publish","type":"page","link":"https:\/\/op-zentrum-oldenburg.de\/index.php\/aerzte\/","title":{"rendered":"\u00c4rzte"},"content":{"rendered":"<div class=\"fusion-fullwidth fullwidth-box fusion-builder-row-1 nonhundred-percent-fullwidth non-hundred-percent-height-scrolling\" style=\"--awb-border-radius-top-left:0px;--awb-border-radius-top-right:0px;--awb-border-radius-bottom-right:0px;--awb-border-radius-bottom-left:0px;--awb-flex-wrap:wrap;\" ><div class=\"fusion-builder-row fusion-row\"><div class=\"fusion-layout-column fusion_builder_column fusion-builder-column-0 fusion_builder_column_2_3 2_3 fusion-two-third fusion-column-first\" style=\"--awb-bg-size:cover;width:66.666666666667%;width:calc(66.666666666667% - ( ( 4% ) * 0.66666666666667 ) );margin-right: 4%;\"><div class=\"fusion-column-wrapper fusion-column-has-shadow fusion-flex-column-wrapper-legacy\"><div class=\"fusion-text fusion-text-1\"><h2>\u00c4rzte<\/h2>\n<h4>Fach\u00e4rzte f\u00fcr An\u00e4sthesiologie<\/h4>\n<\/div><div class=\"fusion-image-carousel fusion-image-carousel-fixed fusion-image-carousel-1 fusion-carousel-border\"><div class=\"awb-carousel awb-swiper awb-swiper-carousel awb-carousel--carousel awb-swiper-dots-position-bottom\" data-layout=\"carousel\" data-autoplay=\"yes\" data-autoplayspeed=\"2500\" data-autoplaypause=\"no\" data-columns=\"5\" data-columnsmedium=\"1\" data-columnssmall=\"1\" data-itemmargin=\"13\" data-itemwidth=\"180\" data-touchscroll=\"no\" data-freemode=\"no\" data-imagesize=\"fixed\" data-scrollitems=\"0\" data-centeredslides=\"no\" data-rotationangle=\"50\" data-depth=\"100\" data-speed=\"500\" data-shadow=\"no\" data-pagination=\"bullets\" style=\"--awb-border-width:1px;--awb-border-color:#e9eaee;\"><div class=\"swiper-wrapper awb-image-carousel-wrapper fusion-flex-align-items-center\"><div class=\"swiper-slide\"><div class=\"fusion-carousel-item-wrapper\"><div class=\"fusion-image-wrapper hover-type-zoomin\"><img decoding=\"async\" width=\"320\" height=\"202\" src=\"https:\/\/op-zentrum-oldenburg.de\/wp-content\/uploads\/2020\/07\/OPZ42a-k-320x202.jpg\" class=\"attachment-blog-medium size-blog-medium\" alt=\"\" \/><\/div><\/div><\/div><div class=\"swiper-slide\"><div class=\"fusion-carousel-item-wrapper\"><div class=\"fusion-image-wrapper hover-type-zoomin\"><img decoding=\"async\" width=\"320\" height=\"202\" src=\"https:\/\/op-zentrum-oldenburg.de\/wp-content\/uploads\/2020\/07\/OPZ18a-k-320x202.jpg\" class=\"attachment-blog-medium size-blog-medium\" alt=\"\" \/><\/div><\/div><\/div><div class=\"swiper-slide\"><div class=\"fusion-carousel-item-wrapper\"><div class=\"fusion-image-wrapper hover-type-zoomin\"><img decoding=\"async\" width=\"320\" height=\"202\" src=\"https:\/\/op-zentrum-oldenburg.de\/wp-content\/uploads\/2020\/07\/OPZ16a-k-320x202.jpg\" class=\"attachment-blog-medium size-blog-medium\" alt=\"\" \/><\/div><\/div><\/div><div class=\"swiper-slide\"><div class=\"fusion-carousel-item-wrapper\"><div class=\"fusion-image-wrapper hover-type-zoomin\"><img decoding=\"async\" width=\"320\" height=\"202\" src=\"https:\/\/op-zentrum-oldenburg.de\/wp-content\/uploads\/2020\/07\/OPZ27a-k-320x202.jpg\" class=\"attachment-blog-medium size-blog-medium\" alt=\"\" \/><\/div><\/div><\/div><div class=\"swiper-slide\"><div class=\"fusion-carousel-item-wrapper\"><div class=\"fusion-image-wrapper hover-type-zoomin\"><img decoding=\"async\" width=\"320\" height=\"202\" src=\"https:\/\/op-zentrum-oldenburg.de\/wp-content\/uploads\/2020\/07\/314_bild-320x202.jpg\" class=\"attachment-blog-medium size-blog-medium\" alt=\"\" \/><\/div><\/div><\/div><\/div><\/div><\/div><div class=\"fusion-text fusion-text-2\"><p>Alle Fach\u00e4rzte f\u00fcr An\u00e4sthesiologie, die in dieser Praxis t\u00e4tig sind, haben ihre Ausbildung in Deutschland absolviert. Nach dem Abitur schloss sich ein ca. 6-j\u00e4hriges Studium der Humanmedizin an, dem eine l\u00e4ngere Zeit der Facharztausbildung folgte (ca. 5-6 Jahre)<\/p>\n<p>Weitere Teilspezialisierungen wurden durch eine anschlie\u00dfende Ausbildungszeit in speziellen Zentren erworben. Hierf\u00fcr schli\u00dfet sich in dem meisten F\u00e4llen eine langj\u00e4hrige Weiterbildung an.<\/p>\n<p>Auf diese Weise k\u00f6nnne wir eine hohe medizinische Qualit\u00e4t der an\u00e4sthesiologischen Versorgung gew\u00e4hrleisten und h\u00f6chsten Facharztstandard anbieten.<\/p>\n<\/div><div class=\"accordian fusion-accordian\" style=\"--awb-border-size:1px;--awb-icon-size:16px;--awb-content-font-size:16px;--awb-icon-alignment:left;--awb-hover-color:#f9f9fb;--awb-border-color:#e2e2e2;--awb-background-color:#ffffff;--awb-divider-color:#e2e2e2;--awb-divider-hover-color:#e2e2e2;--awb-icon-color:#ffffff;--awb-title-color:#51b747;--awb-content-color:#005c75;--awb-icon-box-color:#212934;--awb-toggle-hover-accent-color:#65bc7b;--awb-title-font-family:&quot;ITC-Officina-Serif-Bold &quot;;--awb-title-font-weight:400;--awb-title-font-style:normal;--awb-content-font-family:&quot;ITC-Officina-Sans-Book&quot;;--awb-content-font-style:normal;--awb-content-font-weight:400;\"><div class=\"panel-group fusion-toggle-icon-boxed\" id=\"accordion-34-1\"><div class=\"fusion-panel panel-default panel-54cc2c6d2a6c19e23 fusion-toggle-has-divider\"><div class=\"panel-heading\"><h4 class=\"panel-title toggle\" id=\"toggle_54cc2c6d2a6c19e23\"><a class=\"active\" aria-expanded=\"true\" aria-controls=\"54cc2c6d2a6c19e23\" role=\"button\" data-toggle=\"collapse\" data-parent=\"#accordion-34-1\" data-target=\"#54cc2c6d2a6c19e23\" href=\"#54cc2c6d2a6c19e23\"><span class=\"fusion-toggle-icon-wrapper\" aria-hidden=\"true\"><i class=\"fa-fusion-box active-icon awb-icon-minus\" aria-hidden=\"true\"><\/i><i class=\"fa-fusion-box inactive-icon awb-icon-plus\" aria-hidden=\"true\"><\/i><\/span><span class=\"fusion-toggle-heading\">Dr. med. Jens Weinhold<\/span><\/a><\/h4><\/div><div id=\"54cc2c6d2a6c19e23\" class=\"panel-collapse collapse in\" aria-labelledby=\"toggle_54cc2c6d2a6c19e23\"><div class=\"panel-body toggle-content fusion-clearfix\">\n\n<table border=\"0\" width=\"700\" cellspacing=\"0\" cellpadding=\"10\">\n<tbody>\n<tr>\n<td valign=\"top\" width=\"160\"><img decoding=\"async\" class=\"alignnone size-thumbnail wp-image-1284\" src=\"https:\/\/op-zentrum-oldenburg.de\/wp-content\/uploads\/2020\/07\/OPZ42a-k-150x150.jpg\" alt=\"\" width=\"150\" height=\"150\" srcset=\"https:\/\/op-zentrum-oldenburg.de\/wp-content\/uploads\/2020\/07\/OPZ42a-k-66x66.jpg 66w, https:\/\/op-zentrum-oldenburg.de\/wp-content\/uploads\/2020\/07\/OPZ42a-k-150x150.jpg 150w, https:\/\/op-zentrum-oldenburg.de\/wp-content\/uploads\/2020\/07\/OPZ42a-k-200x200.jpg 200w, https:\/\/op-zentrum-oldenburg.de\/wp-content\/uploads\/2020\/07\/OPZ42a-k-300x300.jpg 300w, https:\/\/op-zentrum-oldenburg.de\/wp-content\/uploads\/2020\/07\/OPZ42a-k-400x400.jpg 400w, https:\/\/op-zentrum-oldenburg.de\/wp-content\/uploads\/2020\/07\/OPZ42a-k-600x600.jpg 600w, https:\/\/op-zentrum-oldenburg.de\/wp-content\/uploads\/2020\/07\/OPZ42a-k-768x768.jpg 768w, https:\/\/op-zentrum-oldenburg.de\/wp-content\/uploads\/2020\/07\/OPZ42a-k-800x800.jpg 800w, https:\/\/op-zentrum-oldenburg.de\/wp-content\/uploads\/2020\/07\/OPZ42a-k.jpg 1024w\" sizes=\"(max-width: 150px) 100vw, 150px\" \/><\/td>\n<td class=\"normal\" valign=\"top\"><strong>Dr. med. Jens Weinhold<br \/>\n<\/strong>Facharzt f\u00fcr An\u00e4sthesiologie<strong><br \/>\n<\/strong><\/p>\n<ul>\n<li>Abitur: 1979 (Kiel)<\/li>\n<li>Medizinstudium: 1981-88 (Kiel, L\u00fcbeck, Innsbruck)<\/li>\n<li>Promotion: 1992 (L\u00fcbeck)<\/li>\n<li>klinische T\u00e4tigkeit: 1989-2000 (Bremen)<\/li>\n<li>Facharztanerkennung: 1999<\/li>\n<li>Zusatzqualifikationen: Notfallmedizin, Akupunktur, A-Diplom: (2000)<\/li>\n<li>Niederlassung: 2001 (Oldenburg)<\/li>\n<li>Mitgliedschaften: BDA, DGAI<\/li>\n<li><a href=\"https:\/\/op-zentrum-oldenburg.de\/virthos\/data\/files\/202\/FBZ-We19.pdf\">Fortbildungszertifikat<\/a><\/li>\n<\/ul>\n<\/td>\n<\/tr>\n<\/tbody>\n<\/table>\n\n<\/div><\/div><\/div><div class=\"fusion-panel panel-default panel-60002f8536c47fca3 fusion-toggle-has-divider\"><div class=\"panel-heading\"><h4 class=\"panel-title toggle\" id=\"toggle_60002f8536c47fca3\"><a aria-expanded=\"false\" aria-controls=\"60002f8536c47fca3\" role=\"button\" data-toggle=\"collapse\" data-parent=\"#accordion-34-1\" data-target=\"#60002f8536c47fca3\" href=\"#60002f8536c47fca3\"><span class=\"fusion-toggle-icon-wrapper\" aria-hidden=\"true\"><i class=\"fa-fusion-box active-icon awb-icon-minus\" aria-hidden=\"true\"><\/i><i class=\"fa-fusion-box inactive-icon awb-icon-plus\" aria-hidden=\"true\"><\/i><\/span><span class=\"fusion-toggle-heading\">Jan Hrudnik<\/span><\/a><\/h4><\/div><div id=\"60002f8536c47fca3\" class=\"panel-collapse collapse \" aria-labelledby=\"toggle_60002f8536c47fca3\"><div class=\"panel-body toggle-content fusion-clearfix\">\n<table border=\"0\" width=\"700\" cellspacing=\"0\" cellpadding=\"10\">\n<tbody>\n<tr>\n<td valign=\"top\" width=\"160\"><img decoding=\"async\" class=\"alignnone wp-image-1282 size-thumbnail\" src=\"https:\/\/op-zentrum-oldenburg.de\/wp-content\/uploads\/2020\/07\/OPZ18a-k-150x150.jpg\" alt=\"\" width=\"150\" height=\"150\" srcset=\"https:\/\/op-zentrum-oldenburg.de\/wp-content\/uploads\/2020\/07\/OPZ18a-k-66x66.jpg 66w, https:\/\/op-zentrum-oldenburg.de\/wp-content\/uploads\/2020\/07\/OPZ18a-k-150x150.jpg 150w, https:\/\/op-zentrum-oldenburg.de\/wp-content\/uploads\/2020\/07\/OPZ18a-k-200x200.jpg 200w, https:\/\/op-zentrum-oldenburg.de\/wp-content\/uploads\/2020\/07\/OPZ18a-k-300x300.jpg 300w, https:\/\/op-zentrum-oldenburg.de\/wp-content\/uploads\/2020\/07\/OPZ18a-k-400x400.jpg 400w, https:\/\/op-zentrum-oldenburg.de\/wp-content\/uploads\/2020\/07\/OPZ18a-k-600x600.jpg 600w, https:\/\/op-zentrum-oldenburg.de\/wp-content\/uploads\/2020\/07\/OPZ18a-k-768x768.jpg 768w, https:\/\/op-zentrum-oldenburg.de\/wp-content\/uploads\/2020\/07\/OPZ18a-k-800x800.jpg 800w, https:\/\/op-zentrum-oldenburg.de\/wp-content\/uploads\/2020\/07\/OPZ18a-k.jpg 1024w\" sizes=\"(max-width: 150px) 100vw, 150px\" \/><\/td>\n<td class=\"normal\" valign=\"top\"><strong>Jan Hrudnik<br \/>\n<\/strong>Facharzt f\u00fcr An\u00e4sthesiologie<strong><br \/>\n<\/strong><\/p>\n<ul>\n<li>Abitur 1987 (Lilienthal bei Bremen)<\/li>\n<li>Medizinstudium: 1988-1994 (Hannover, G\u00f6ttingen)<\/li>\n<li>Klinische T\u00e4tigkeit: 1994-2003 (Oldenburg)<\/li>\n<li>Facharztanerkennung: 2000 (Hannover)<\/li>\n<li>Zusatzqualifikationen: Rettungsmedizin, lange Erfahrung in Kardioan\u00e4sthesie und Kinderan\u00e4sthesie<\/li>\n<li>Niederlassung: 2003 (Oldenburg)<\/li>\n<li>Mitgliedschaften: BDA, DGAI<\/li>\n<li><a href=\"https:\/\/op-zentrum-oldenburg.de\/wp-content\/uploads\/2020\/08\/FBZ-Hr19.pdf\" target=\"_blank\" rel=\"noopener noreferrer\">Fortbildungszertifikat<\/a><\/li>\n<\/ul>\n<\/td>\n<\/tr>\n<\/tbody>\n<\/table>\n<\/div><\/div><\/div><div class=\"fusion-panel panel-default panel-5f4497b9556af3506 fusion-toggle-has-divider\"><div class=\"panel-heading\"><h4 class=\"panel-title toggle\" id=\"toggle_5f4497b9556af3506\"><a aria-expanded=\"false\" aria-controls=\"5f4497b9556af3506\" role=\"button\" data-toggle=\"collapse\" data-parent=\"#accordion-34-1\" data-target=\"#5f4497b9556af3506\" href=\"#5f4497b9556af3506\"><span class=\"fusion-toggle-icon-wrapper\" aria-hidden=\"true\"><i class=\"fa-fusion-box active-icon awb-icon-minus\" aria-hidden=\"true\"><\/i><i class=\"fa-fusion-box inactive-icon awb-icon-plus\" aria-hidden=\"true\"><\/i><\/span><span class=\"fusion-toggle-heading\">Dr. med. Jacek Auerbach<\/span><\/a><\/h4><\/div><div id=\"5f4497b9556af3506\" class=\"panel-collapse collapse \" aria-labelledby=\"toggle_5f4497b9556af3506\"><div class=\"panel-body toggle-content fusion-clearfix\">\n<table border=\"0\" width=\"700\" cellspacing=\"0\" cellpadding=\"10\">\n<tbody>\n<tr>\n<td valign=\"top\" width=\"160\"><img decoding=\"async\" class=\"alignnone wp-image-1281 size-thumbnail\" src=\"https:\/\/op-zentrum-oldenburg.de\/wp-content\/uploads\/2020\/07\/OPZ16a-k-150x150.jpg\" alt=\"\" width=\"150\" height=\"150\" srcset=\"https:\/\/op-zentrum-oldenburg.de\/wp-content\/uploads\/2020\/07\/OPZ16a-k-66x66.jpg 66w, https:\/\/op-zentrum-oldenburg.de\/wp-content\/uploads\/2020\/07\/OPZ16a-k-150x150.jpg 150w, https:\/\/op-zentrum-oldenburg.de\/wp-content\/uploads\/2020\/07\/OPZ16a-k-200x200.jpg 200w, https:\/\/op-zentrum-oldenburg.de\/wp-content\/uploads\/2020\/07\/OPZ16a-k-300x300.jpg 300w, https:\/\/op-zentrum-oldenburg.de\/wp-content\/uploads\/2020\/07\/OPZ16a-k-400x400.jpg 400w, https:\/\/op-zentrum-oldenburg.de\/wp-content\/uploads\/2020\/07\/OPZ16a-k-600x600.jpg 600w, https:\/\/op-zentrum-oldenburg.de\/wp-content\/uploads\/2020\/07\/OPZ16a-k-768x768.jpg 768w, https:\/\/op-zentrum-oldenburg.de\/wp-content\/uploads\/2020\/07\/OPZ16a-k-800x800.jpg 800w, https:\/\/op-zentrum-oldenburg.de\/wp-content\/uploads\/2020\/07\/OPZ16a-k.jpg 1024w\" sizes=\"(max-width: 150px) 100vw, 150px\" \/><\/td>\n<td class=\"normal\" valign=\"top\"><strong>Dr. med. Jacek Auerbach<br \/>\n<\/strong>Facharzt f\u00fcr An\u00e4sthesiologie<\/p>\n<ul>\n<li>Abitur: 1985 (Bremen)<\/li>\n<li>Medizinstudium 1987-1993 (G\u00f6ttingen)<\/li>\n<li>Promotion: 1994 (G\u00f6ttingen)<\/li>\n<li>klinische T\u00e4tigkeit: 1993-2007 (Oldenburg)<\/li>\n<li>Facharztanerkennung: 1998 (Hannover)<\/li>\n<li>Zusatzqualifikationen: Rettungsmedizin, spezielle an\u00e4sthesiologische Intensivmedizin, trans\u00f6sophageale Echokardiographie, langj\u00e4hrige Erfahrung in der Kardioan\u00e4sthesie<\/li>\n<li>Niederlassung: 2007 (Oldenburg)<\/li>\n<li>Mitgliedschaften: BDA, DGAI<\/li>\n<li><a href=\"https:\/\/op-zentrum-oldenburg.de\/wp-content\/uploads\/2020\/08\/FBZ-Au19.pdf\" target=\"_blank\" rel=\"noopener noreferrer\">Fortbildunszertifikat<\/a><\/li>\n<\/ul>\n<\/td>\n<\/tr>\n<\/tbody>\n<\/table>\n<\/div><\/div><\/div><div class=\"fusion-panel panel-default panel-07ecc4d27ab8068af fusion-toggle-has-divider\"><div class=\"panel-heading\"><h4 class=\"panel-title toggle\" id=\"toggle_07ecc4d27ab8068af\"><a aria-expanded=\"false\" aria-controls=\"07ecc4d27ab8068af\" role=\"button\" data-toggle=\"collapse\" data-parent=\"#accordion-34-1\" data-target=\"#07ecc4d27ab8068af\" href=\"#07ecc4d27ab8068af\"><span class=\"fusion-toggle-icon-wrapper\" aria-hidden=\"true\"><i class=\"fa-fusion-box active-icon awb-icon-minus\" aria-hidden=\"true\"><\/i><i class=\"fa-fusion-box inactive-icon awb-icon-plus\" aria-hidden=\"true\"><\/i><\/span><span class=\"fusion-toggle-heading\">Dr. med. Beate Jonas<\/span><\/a><\/h4><\/div><div id=\"07ecc4d27ab8068af\" class=\"panel-collapse collapse \" aria-labelledby=\"toggle_07ecc4d27ab8068af\"><div class=\"panel-body toggle-content fusion-clearfix\">\n\n<table border=\"0\" width=\"700\" cellspacing=\"0\" cellpadding=\"10\">\n<tbody>\n<tr>\n<td valign=\"top\" width=\"160\"><img decoding=\"async\" class=\"alignnone wp-image-1283 size-thumbnail\" src=\"https:\/\/op-zentrum-oldenburg.de\/wp-content\/uploads\/2020\/07\/OPZ27a-k-150x150.jpg\" alt=\"\" width=\"150\" height=\"150\" srcset=\"https:\/\/op-zentrum-oldenburg.de\/wp-content\/uploads\/2020\/07\/OPZ27a-k-66x66.jpg 66w, https:\/\/op-zentrum-oldenburg.de\/wp-content\/uploads\/2020\/07\/OPZ27a-k-150x150.jpg 150w, https:\/\/op-zentrum-oldenburg.de\/wp-content\/uploads\/2020\/07\/OPZ27a-k-200x200.jpg 200w, https:\/\/op-zentrum-oldenburg.de\/wp-content\/uploads\/2020\/07\/OPZ27a-k-300x300.jpg 300w, https:\/\/op-zentrum-oldenburg.de\/wp-content\/uploads\/2020\/07\/OPZ27a-k-400x400.jpg 400w, https:\/\/op-zentrum-oldenburg.de\/wp-content\/uploads\/2020\/07\/OPZ27a-k-600x600.jpg 600w, https:\/\/op-zentrum-oldenburg.de\/wp-content\/uploads\/2020\/07\/OPZ27a-k-768x768.jpg 768w, https:\/\/op-zentrum-oldenburg.de\/wp-content\/uploads\/2020\/07\/OPZ27a-k-800x800.jpg 800w, https:\/\/op-zentrum-oldenburg.de\/wp-content\/uploads\/2020\/07\/OPZ27a-k.jpg 1024w\" sizes=\"(max-width: 150px) 100vw, 150px\" \/><\/td>\n<td class=\"normal\" valign=\"top\"><strong>Dr. med. Beate Jonas<br \/>\n<\/strong>Fach\u00e4rztin f\u00fcr An\u00e4sthesiologieangestellte Fach\u00e4rztin<\/p>\n<ul>\n<li>Abitur: 1976 (Syke)<\/li>\n<li>Medizinstudium: 1977-82 (G\u00f6ttingen), Chur (Schweiz)<\/li>\n<li>Promotion 1985 (G\u00f6ttingen)<\/li>\n<li>klinische T\u00e4tigkeit: 1984-88 (Oldenburg)<\/li>\n<li>Facharztanerkennung: 1988 (Hannover)<\/li>\n<li>Niederlassung 1988 (Oldenburg)<\/li>\n<li>Mitgliedschaften: BDA<\/li>\n<li><a href=\"https:\/\/op-zentrum-oldenburg.de\/wp-content\/uploads\/2020\/08\/FBR-Jo19.pdf\" target=\"_blank\" rel=\"noopener noreferrer\">Fortbildungszertifikat<\/a><\/li>\n<\/ul>\n<\/td>\n<\/tr>\n<\/tbody>\n<\/table>\n\n<\/div><\/div><\/div><div class=\"fusion-panel panel-default panel-d91335244d53c3f91 fusion-toggle-has-divider\"><div class=\"panel-heading\"><h4 class=\"panel-title toggle\" id=\"toggle_d91335244d53c3f91\"><a aria-expanded=\"false\" aria-controls=\"d91335244d53c3f91\" role=\"button\" data-toggle=\"collapse\" data-parent=\"#accordion-34-1\" data-target=\"#d91335244d53c3f91\" href=\"#d91335244d53c3f91\"><span class=\"fusion-toggle-icon-wrapper\" aria-hidden=\"true\"><i class=\"fa-fusion-box active-icon awb-icon-minus\" aria-hidden=\"true\"><\/i><i class=\"fa-fusion-box inactive-icon awb-icon-plus\" aria-hidden=\"true\"><\/i><\/span><span class=\"fusion-toggle-heading\">Dr. med. Utz Rapke<\/span><\/a><\/h4><\/div><div id=\"d91335244d53c3f91\" class=\"panel-collapse collapse \" aria-labelledby=\"toggle_d91335244d53c3f91\"><div class=\"panel-body toggle-content fusion-clearfix\">\n\n<table border=\"0\" width=\"700\" cellspacing=\"0\" cellpadding=\"10\">\n<tbody>\n<tr>\n<td valign=\"top\" width=\"160\"><img decoding=\"async\" class=\"alignnone wp-image-1286 size-thumbnail\" src=\"https:\/\/op-zentrum-oldenburg.de\/wp-content\/uploads\/2020\/07\/314_bild-150x150.jpg\" alt=\"\" width=\"150\" height=\"150\" srcset=\"https:\/\/op-zentrum-oldenburg.de\/wp-content\/uploads\/2020\/07\/314_bild-66x66.jpg 66w, https:\/\/op-zentrum-oldenburg.de\/wp-content\/uploads\/2020\/07\/314_bild-150x150.jpg 150w\" sizes=\"(max-width: 150px) 100vw, 150px\" \/><\/td>\n<td class=\"normal\" valign=\"top\"><strong>Dr. med. Utz Rapke<br \/>\n<\/strong>Facharzt f\u00fcr An\u00e4sthesiologieangestellter Arzt<\/p>\n<ul>\n<li>Abitur: 1992 (Lilienthal bei Bremen)<\/li>\n<li>Medizinstudium: 1995-2001(G\u00f6ttingen, Z\u00fcrich)<\/li>\n<li>Promotion 2003 (G\u00f6ttingen)<\/li>\n<li>klinische T\u00e4tigkeit:\n<ul>\n<li>2002-2007: Klinikum Oldenburg, An\u00e4sthesie, Assistenzarzt<\/li>\n<li>2008-2011: Klinikum Oldenburg, Kardioan\u00e4sthesie, Facharzt<\/li>\n<li>seit 2011: Ammerland Klinik Westerstede, Oberarzt<\/li>\n<\/ul>\n<\/li>\n<li>Facharztanerkennung: 2007 (Hannover)<\/li>\n<li>Zusatzqualifikationen: Notfallmedizin, spezielle an\u00e4sthesiologische Intensivmedizin, trans\u00f6sophageale Echokardiographie (DGAI), an\u00e4sthesiefokussierte Sonographie, verkehrsmedizinische Begutachtung, langj\u00e4hrige Erfahrung in der Kardioan\u00e4sthesie<\/li>\n<li>Niederlassung 2019 (Oldenburg)<\/li>\n<li>Mitgliedschaften: BDA, DGAI, Marburger Bund<\/li>\n<li><a href=\"https:\/\/op-zentrum-oldenburg.de\/wp-content\/uploads\/2020\/08\/FBZ-Ra19.pdf\" target=\"_blank\" rel=\"noopener noreferrer\">Fortbildungszertifikat<\/a><\/li>\n<\/ul>\n<\/td>\n<\/tr>\n<\/tbody>\n<\/table>\n\n<\/div><\/div><\/div><\/div><\/div><div class=\"fusion-sep-clear\"><\/div><div class=\"fusion-separator fusion-full-width-sep\" style=\"margin-left: auto;margin-right: auto;margin-top:20px;width:100%;\"><\/div><div class=\"fusion-sep-clear\"><\/div><div class=\"fusion-sep-clear\"><\/div><div class=\"fusion-separator fusion-full-width-sep\" style=\"margin-left: auto;margin-right: auto;margin-top:20px;width:100%;\"><div class=\"fusion-separator-border sep-single sep-solid\" style=\"--awb-height:20px;--awb-amount:20px;border-color:#e2e2e2;border-top-width:1px;\"><\/div><\/div><div class=\"fusion-sep-clear\"><\/div><div class=\"fusion-text fusion-text-3\"><h5>Weiterf\u00fchrende Informationen<\/h5>\n<\/div><div class=\"fusion-content-boxes content-boxes columns row fusion-columns-2 fusion-columns-total-2 fusion-content-boxes-1 content-boxes-icon-with-title content-left\" style=\"--awb-body-color:#005c75;--awb-title-color:#005c75;--awb-margin-bottom:-10px;--awb-hover-accent-color:#51b747;--awb-circle-hover-accent-color:#51b747;\" data-animationOffset=\"top-into-view\"><div style=\"--awb-backgroundcolor:#ffffff;\" class=\"fusion-column content-box-column content-box-column content-box-column-1 col-lg-6 col-md-6 col-sm-6 fusion-content-box-hover content-box-column-first-in-row\"><div class=\"col content-box-wrapper content-wrapper-background link-area-link-icon link-type-text icon-hover-animation-fade\" data-animationOffset=\"top-into-view\"><div class=\"heading heading-with-icon icon-left\"><a class=\"heading-link\" style=\"float:left;\" href=\"https:\/\/op-zentrum-oldenburg.de\/index.php\/aerzte\/\" target=\"_self\"><div class=\"icon\"><i style=\"border-color:#212934;border-width:0px;background-color:#005c75;box-sizing:content-box;height:40px;width:40px;line-height:40px;border-radius:50%;font-size:20px;\" aria-hidden=\"true\" class=\"fontawesome-icon fa-angle-right fas circle-yes\"><\/i><\/div><h5 class=\"content-box-heading fusion-responsive-typography-calculated\" style=\"--h5_typography-font-size:18px;--fontSize:18;line-height:1.4;\">\u00c4rzte<\/h5><\/a><\/div><div class=\"fusion-clearfix\"><\/div><div class=\"content-container\">\n<p>Lernen Sie unsere \u00c4rzte und \u00c4rztinnen kennen\u2026<\/p>\n<\/div><div class=\"fusion-clearfix\"><\/div><a class=\" fusion-read-more\" style=\"float:left;\" href=\"https:\/\/op-zentrum-oldenburg.de\/index.php\/aerzte\/\" target=\"_self\">mehr erfahren...<\/a><div class=\"fusion-clearfix\"><\/div><\/div><\/div><div style=\"--awb-backgroundcolor:#ffffff;\" class=\"fusion-column content-box-column content-box-column content-box-column-2 col-lg-6 col-md-6 col-sm-6 fusion-content-box-hover content-box-column-last content-box-column-last-in-row\"><div class=\"col content-box-wrapper content-wrapper-background link-area-link-icon link-type-text icon-hover-animation-fade\" data-animationOffset=\"top-into-view\"><div class=\"heading heading-with-icon icon-left\"><a class=\"heading-link\" style=\"float:left;\" href=\"https:\/\/op-zentrum-oldenburg.de\/index.php\/praxisteam\/\" target=\"_self\"><div class=\"icon\"><i style=\"border-color:#212934;border-width:0px;background-color:#005c75;box-sizing:content-box;height:40px;width:40px;line-height:40px;border-radius:50%;font-size:20px;\" aria-hidden=\"true\" class=\"fontawesome-icon fa-angle-right fas circle-yes\"><\/i><\/div><h5 class=\"content-box-heading fusion-responsive-typography-calculated\" style=\"--h5_typography-font-size:18px;--fontSize:18;line-height:1.4;\">Praxisteam<\/h5><\/a><\/div><div class=\"fusion-clearfix\"><\/div><div class=\"content-container\">\n<p>Lernen Sie unser Praxisteam kennen\u2026<\/p>\n<\/div><div class=\"fusion-clearfix\"><\/div><a class=\" fusion-read-more\" style=\"float:left;\" href=\"https:\/\/op-zentrum-oldenburg.de\/index.php\/praxisteam\/\" target=\"_self\">mehr erfahren...<\/a><div class=\"fusion-clearfix\"><\/div><\/div><\/div><div class=\"fusion-clearfix\"><\/div><\/div>\n<div class=\"fusion-clearfix\"><\/div><\/div><\/div><div class=\"fusion-layout-column fusion_builder_column fusion-builder-column-1 fusion_builder_column_1_3 1_3 fusion-one-third fusion-column-last\" style=\"--awb-bg-size:cover;width:33.333333333333%;width:calc(33.333333333333% - ( ( 4% ) * 0.33333333333333 ) );\"><div class=\"fusion-column-wrapper fusion-column-has-shadow fusion-flex-column-wrapper-legacy\"><div class=\"fusion-content-boxes content-boxes columns row fusion-columns-1 fusion-columns-total-5 fusion-content-boxes-2 content-boxes-icon-with-title content-left\" style=\"--awb-body-color:#005c75;--awb-title-color:#005c75;--awb-hover-accent-color:#51b747;--awb-circle-hover-accent-color:#51b747;--awb-item-margin-bottom:40px;\" data-animationOffset=\"top-into-view\"><div style=\"--awb-backgroundcolor:#ccdee3;\" class=\"fusion-column content-box-column content-box-column content-box-column-1 col-lg-12 col-md-12 col-sm-12 fusion-content-box-hover content-box-column-last-in-row\"><div class=\"col content-box-wrapper content-wrapper-background link-area-link-icon link-type-text icon-hover-animation-fade\" data-animationOffset=\"top-into-view\"><div class=\"heading heading-with-icon icon-left\"><a class=\"heading-link\" style=\"float:left;\" href=\"https:\/\/op-zentrum-oldenburg.de\/index.php\/praxisrundgang\/\" target=\"_self\"><div class=\"icon\"><i style=\"border-color:#005c75;border-width:0px;background-color:#005c75;box-sizing:content-box;height:40px;width:40px;line-height:40px;border-radius:50%;font-size:20px;\" aria-hidden=\"true\" class=\"fontawesome-icon fa-sync fas circle-yes\"><\/i><\/div><h2 class=\"content-box-heading fusion-responsive-typography-calculated\" style=\"--h2_typography-font-size:24px;--fontSize:24;line-height:1.2;\">Praxisrundgang<\/h2><\/a><\/div><div class=\"fusion-clearfix\"><\/div><div class=\"content-container\">\n<p><a href=\"https:\/\/op-zentrum-oldenburg.de\/index.php\/praxisrundgang\/\" target=\"_blank\" rel=\"noopener noreferrer\"><img decoding=\"async\" class=\"alignnone wp-image-1983 size-full\" src=\"https:\/\/op-zentrum-oldenburg.de\/wp-content\/uploads\/2020\/08\/google-klein.jpg\" alt=\"\" width=\"270\" height=\"173\" srcset=\"https:\/\/op-zentrum-oldenburg.de\/wp-content\/uploads\/2020\/08\/google-klein-200x128.jpg 200w, https:\/\/op-zentrum-oldenburg.de\/wp-content\/uploads\/2020\/08\/google-klein.jpg 270w\" sizes=\"(max-width: 270px) 100vw, 270px\" \/><\/a><\/p>\n<\/div><div class=\"fusion-clearfix\"><\/div><a class=\" fusion-read-more\" style=\"float:left;\" href=\"https:\/\/op-zentrum-oldenburg.de\/index.php\/praxisrundgang\/\" target=\"_self\">Klicken Sie hier<\/a><div class=\"fusion-clearfix\"><\/div><\/div><\/div><div style=\"--awb-backgroundcolor:#d9e7ea;\" class=\"fusion-column content-box-column content-box-column content-box-column-2 col-lg-12 col-md-12 col-sm-12 fusion-content-box-hover content-box-column-last-in-row\"><div class=\"col content-box-wrapper content-wrapper-background link-area-link-icon link-type-text content-icon-wrapper-yes icon-hover-animation-fade\" data-animationOffset=\"top-into-view\"><div class=\"heading heading-with-icon icon-left\"><a class=\"heading-link\" style=\"float:left;\" href=\"https:\/\/op-zentrum-oldenburg.de\/index.php\/stellenangebote\/\" target=\"_self\"><div class=\"icon\"><span style=\"height:40px;width:40px;line-height:20px;border-color:rgba(255,255,255,0);border-width:1px;border-style:solid;background-color:rgba(255,255,255,0);box-sizing:content-box;border-radius:50%;\"><i style=\"border-color:#005c75;border-width:0px;background-color:#005c75;box-sizing:content-box;height:40px;width:40px;line-height:40px;border-radius:50%;position:relative;top:auto;left:auto;margin:0;border-radius:50%;font-size:20px;\" aria-hidden=\"true\" class=\"fontawesome-icon fa-user-md fas circle-yes\"><\/i><\/span><\/div><h2 class=\"content-box-heading fusion-responsive-typography-calculated\" style=\"--h2_typography-font-size:24px;--fontSize:24;line-height:1.2;\">Stellenangebote<\/h2><\/a><\/div><div class=\"fusion-clearfix\"><\/div><div class=\"content-container\">\n<p>Wir freuen wir uns auf Ihre berufliche Fachkompetenz und \u00fcber Ihr pers\u00f6nliches Engagement, Ihr Einf\u00fchlungsverm\u00f6gen und Ihre Teamf\u00e4higkeit.<\/p>\n<\/div><div class=\"fusion-clearfix\"><\/div><a class=\" fusion-read-more\" style=\"float:left;\" href=\"https:\/\/op-zentrum-oldenburg.de\/index.php\/stellenangebote\/\" target=\"_self\">mehr erfahren...<\/a><div class=\"fusion-clearfix\"><\/div><\/div><\/div><div style=\"--awb-backgroundcolor:#e5eff1;\" class=\"fusion-column content-box-column content-box-column content-box-column-3 col-lg-12 col-md-12 col-sm-12 fusion-content-box-hover content-box-column-last-in-row\"><div class=\"col content-box-wrapper content-wrapper-background link-area-link-icon link-type-text icon-hover-animation-fade\" data-animationOffset=\"top-into-view\"><div class=\"heading heading-with-icon icon-left\"><a class=\"heading-link\" style=\"float:left;\" href=\"https:\/\/op-zentrum-oldenburg.de\/index.php\/aerztliche-aufklaerung\/\" target=\"_self\"><div class=\"icon\"><i style=\"border-color:#005c75;border-width:0px;background-color:#005c75;box-sizing:content-box;height:40px;width:40px;line-height:40px;border-radius:50%;font-size:20px;\" aria-hidden=\"true\" class=\"fontawesome-icon fa-edit fas circle-yes\"><\/i><\/div><h2 class=\"content-box-heading fusion-responsive-typography-calculated\" style=\"--h2_typography-font-size:24px;--fontSize:24;line-height:1.2;\">\u00c4rztliche Aufkl\u00e4rung<\/h2><\/a><\/div><div class=\"fusion-clearfix\"><\/div><div class=\"content-container\">\n<p>F\u00fclllen Sie hier Ihren Narkose-Fragebogen aus und senden ihn mit einem Klick direkt an uns zur\u00fcck.<\/p>\n<\/div><div class=\"fusion-clearfix\"><\/div><a class=\" fusion-read-more\" style=\"float:left;\" href=\"https:\/\/op-zentrum-oldenburg.de\/index.php\/aerztliche-aufklaerung\/\" target=\"_self\">digitaler Narkose-Fragebogen<\/a><div class=\"fusion-clearfix\"><\/div><\/div><\/div><div style=\"--awb-backgroundcolor:#ecf3f4;\" class=\"fusion-column content-box-column content-box-column content-box-column-4 col-lg-12 col-md-12 col-sm-12 fusion-content-box-hover content-box-column-last-in-row\"><div class=\"col content-box-wrapper content-wrapper-background link-area-link-icon link-type-text icon-hover-animation-fade\" data-animationOffset=\"top-into-view\"><div class=\"heading heading-with-icon icon-left\"><a class=\"heading-link\" style=\"float:left;\" href=\"https:\/\/op-zentrum-oldenburg.de\/index.php\/terminbuchung\/\" target=\"_self\"><div class=\"icon\"><i style=\"border-color:#005c75;border-width:0px;background-color:#005c75;box-sizing:content-box;height:40px;width:40px;line-height:40px;border-radius:50%;font-size:20px;\" aria-hidden=\"true\" class=\"fontawesome-icon fa-calendar-alt fas circle-yes\"><\/i><\/div><h2 class=\"content-box-heading fusion-responsive-typography-calculated\" style=\"--h2_typography-font-size:24px;--fontSize:24;line-height:1.2;\">Online Termin<\/h2><\/a><\/div><div class=\"fusion-clearfix\"><\/div><div class=\"content-container\">\n<p>Terminvereinbarung online in 5 Minuten, ohne Wartezeiten und rund um die Uhr.<\/p>\n<\/div><div class=\"fusion-clearfix\"><\/div><a class=\" fusion-read-more\" style=\"float:left;\" href=\"https:\/\/op-zentrum-oldenburg.de\/index.php\/terminbuchung\/\" target=\"_self\">Praxis-Termin online buchen<\/a><div class=\"fusion-clearfix\"><\/div><\/div><\/div><div style=\"--awb-backgroundcolor:#f2f7f8;\" class=\"fusion-column content-box-column content-box-column content-box-column-5 col-lg-12 col-md-12 col-sm-12 fusion-content-box-hover content-box-column-last content-box-column-last-in-row\"><div class=\"col content-box-wrapper content-wrapper-background link-area-link-icon link-type-text icon-hover-animation-fade\" data-animationOffset=\"top-into-view\"><div class=\"heading heading-with-icon icon-left\"><a class=\"heading-link\" style=\"float:left;\" href=\"https:\/\/op-zentrum-oldenburg.de\/index.php\/aktuelles\/\" target=\"_self\"><div class=\"icon\"><i style=\"border-color:#005c75;border-width:0px;background-color:#005c75;box-sizing:content-box;height:40px;width:40px;line-height:40px;border-radius:50%;font-size:20px;\" aria-hidden=\"true\" class=\"fontawesome-icon fa-glasses fas circle-yes\"><\/i><\/div><h2 class=\"content-box-heading fusion-responsive-typography-calculated\" style=\"--h2_typography-font-size:24px;--fontSize:24;line-height:1.2;\">Aktuelles<\/h2><\/a><\/div><div class=\"fusion-clearfix\"><\/div><div class=\"content-container\">\n<p>Hier finden Sie aktuelle Informationen zu Covid-19, An\u00e4sthesie und mehr\u2026<\/p>\n<\/div><div class=\"fusion-clearfix\"><\/div><a class=\" fusion-read-more\" style=\"float:left;\" href=\"https:\/\/op-zentrum-oldenburg.de\/index.php\/aktuelles\/\" target=\"_self\">Zur Seite Aktuelles<\/a><div class=\"fusion-clearfix\"><\/div><\/div><\/div><div class=\"fusion-clearfix\"><\/div><\/div><div class=\"fusion-clearfix\"><\/div><\/div><\/div>\n<\/div><\/div>\n","protected":false},"excerpt":{"rendered":"","protected":false},"author":1,"featured_media":0,"parent":0,"menu_order":0,"comment_status":"closed","ping_status":"closed","template":"","meta":{"footnotes":""},"class_list":["post-34","page","type-page","status-publish","hentry"],"_links":{"self":[{"href":"https:\/\/op-zentrum-oldenburg.de\/index.php\/wp-json\/wp\/v2\/pages\/34","targetHints":{"allow":["GET"]}}],"collection":[{"href":"https:\/\/op-zentrum-oldenburg.de\/index.php\/wp-json\/wp\/v2\/pages"}],"about":[{"href":"https:\/\/op-zentrum-oldenburg.de\/index.php\/wp-json\/wp\/v2\/types\/page"}],"author":[{"embeddable":true,"href":"https:\/\/op-zentrum-oldenburg.de\/index.php\/wp-json\/wp\/v2\/users\/1"}],"replies":[{"embeddable":true,"href":"https:\/\/op-zentrum-oldenburg.de\/index.php\/wp-json\/wp\/v2\/comments?post=34"}],"version-history":[{"count":58,"href":"https:\/\/op-zentrum-oldenburg.de\/index.php\/wp-json\/wp\/v2\/pages\/34\/revisions"}],"predecessor-version":[{"id":2214,"href":"https:\/\/op-zentrum-oldenburg.de\/index.php\/wp-json\/wp\/v2\/pages\/34\/revisions\/2214"}],"wp:attachment":[{"href":"https:\/\/op-zentrum-oldenburg.de\/index.php\/wp-json\/wp\/v2\/media?parent=34"}],"curies":[{"name":"wp","href":"https:\/\/api.w.org\/{rel}","templated":true}]}}